{"id":10580,"date":"2025-01-26T11:46:02","date_gmt":"2025-01-26T10:46:02","guid":{"rendered":"https:\/\/www.humangeographie.uni-mainz.de\/?page_id=10580"},"modified":"2026-09-03T19:50:15","modified_gmt":"2026-09-03T17:50:15","slug":"veronika-cummings","status":"publish","type":"page","link":"https:\/\/www.humangeographie.uni-mainz.de\/en\/veronika-cummings\/","title":{"rendered":"Veronika Cummings"},"content":{"rendered":"\n<div class=\"wp-block-columns is-layout-flex wp-container-core-columns-is-layout-8f761849 wp-block-columns-is-layout-flex\">\n<div class=\"wp-block-column is-layout-flow wp-block-column-is-layout-flow\"><jgu-base-heading react-props=\"{\n    &quot;index&quot;: &quot;Prof. Dr. &quot;,\n    &quot;tags&quot;: {\n        &quot;htmlTag&quot;: &quot;h2&quot;,\n        &quot;classTag&quot;: &quot;&quot;,\n        &quot;tag&quot;: &quot;h2&quot;\n    },\n    &quot;heading&quot;: &quot;Veronika Cummings&quot;,\n    &quot;textAlign&quot;: &quot;left&quot;,\n    &quot;anchor&quot;: &quot;&quot;,\n    &quot;color&quot;: &quot;red&quot;\n}\"><\/jgu-base-heading>\n\n\n\n<p class=\"has-big-font-size wp-block-paragraph\"><strong>Professor of Human Geography<\/strong><\/p>\n\n\n\n<p class=\"has-big-font-size wp-block-paragraph\">Veronika Cummings is a social geographer with specific interest in urban inequalities and migration regimes, in which she is looking into in\/justices, responsibilities and ethical dimensions. <\/p>\n\n\n\n<p class=\"has-big-font-size wp-block-paragraph\">Prior to her appointment as Professor for Human Geography in 2017 at Johannes Gutenberg University in Mainz, she was a<em> Senior Research Fellow<\/em> at the Middle East Institute of the <strong>National University of Singapore <\/strong>(2015-2017) and <em>Assistant Professor<\/em> (2013-2015) at the German University of Technology in Muscat in the <strong>Sultanate of Oman<\/strong>. Prior to this, she was a post-doctoral assistant in the Cultural Geography work group at RWTH Aachen University, where she has been working on <strong>transformation processes, transnational relations and identity in the Sultanate of Oman <\/strong>since 2009, and thus also on the <strong>migration regime in the Indian Ocean, especially to the Arab Gulf states<\/strong>.  <\/p>\n\n\n\n<p class=\"has-big-font-size wp-block-paragraph\">She obtained a doctorate (Dr. phil.) from the Faculty of Philosophy at the University of Passau in 2009 with a doctoral dissertation on the production of social and spatial inequality in the favelas of Salvador da Bahia (Brazil). She studied Geography and Sociology at the Julius Maximilian University of W\u00fcrzburg and the Universit\u00e9 de Caen in France. <\/p>\n\n\n\n<p class=\"has-big-font-size wp-block-paragraph\">Her current thematic fields of research are 1) socio-political-spatial negotiations of power and belonging in the context of <strong>migration<\/strong><em>(nation-building; international labour migration\/migration regimes and related planetary urban spaces<\/em>), 2) <strong>sustainability utopias<\/strong><em>(visions of the future, urban transformations, perception and communication of utopia\/\/dystopia, post-growth and resilience<\/em>) with a view to social and climate-related transitions and 3) <strong>geographies of ethics<\/strong> with a view to the interplay of unbounded responsibility and understandings of values of geographical but also social resources and their public negotiation, especially in the field of tension between open-participatory and authoritarian societies. Her empirical research experience in this area spans more than 15 years in the Sultanate of Oman, the United Arab States, Singapore and Germany. More recent regional research contexts include Brazil, Madagascar and Sri Lanka.  <\/p>\n\n\n\n<p class=\"has-big-font-size wp-block-paragraph\">In terms of epistemology, her work is particularly oriented towards social theories, the philosophy of justice, approaches from the field of environmental humanities and praxeological theory. Empirically, she works primarily with social science and ethnographic (multi-sited, narrative and visual) methods within the framework of qualitative social research. <\/p>\n\n\n\n<hr class=\"wp-block-separator has-alpha-channel-opacity\" \/>\n\n\n\n<div style=\"height:90px\" aria-hidden=\"true\" class=\"wp-block-spacer\"><\/div>\n\n\n<jgu-base-heading react-props=\"{\n    &quot;tags&quot;: {\n        &quot;htmlTag&quot;: &quot;h2&quot;,\n        &quot;classTag&quot;: &quot;&quot;,\n        &quot;tag&quot;: &quot;h2&quot;\n    },\n    &quot;heading&quot;: &quot;Research Groups&quot;,\n    &quot;textAlign&quot;: &quot;left&quot;,\n    &quot;anchor&quot;: &quot;&quot;,\n    &quot;index&quot;: &quot;&quot;,\n    &quot;color&quot;: &quot;red&quot;\n}\"><\/jgu-base-heading>\n\n\n\n<p class=\"has-big-font-size wp-block-paragraph\"><strong><a href=\"https:\/\/www.leibniz-gemeinschaft.de\/forschung\/leibniz-wissenschaftscampi\/recoment\">Leibniz Science Campus<\/a>: \u201cResiliencies: Comparing and Integrating Methodologies, Methods, Narratives, and Theories (RECOMENT)\u201d,<\/strong> University Mainz\/ LEIZA &amp; University Trier<strong><em><\/em><\/strong><\/p>\n\n\n\n<p class=\"has-big-font-size wp-block-paragraph\"><a href=\"https:\/\/www.rhein-main-universitaeten.de\/en\/research\/oman-research-network\">RMU Oman Research Network<\/a><\/p>\n\n\n\n<p class=\"has-big-font-size wp-block-paragraph\">Research Group<a href=\"https:\/\/www.zis.uni-mainz.de\/projekte\/forschungs-ags\/indian-ocean-confluences\/\"> Indian Ocean Confluences<\/a><\/p>\n\n\n\n<p class=\"has-big-font-size wp-block-paragraph\"><\/p>\n\n\n\n<hr class=\"wp-block-separator has-alpha-channel-opacity\" \/>\n\n\n<jgu-base-heading react-props=\"{\n    &quot;tags&quot;: {\n        &quot;htmlTag&quot;: &quot;h2&quot;,\n        &quot;classTag&quot;: &quot;&quot;,\n        &quot;tag&quot;: &quot;h2&quot;\n    },\n    &quot;heading&quot;: &quot;Publications&quot;,\n    &quot;textAlign&quot;: &quot;left&quot;,\n    &quot;anchor&quot;: &quot;&quot;,\n    &quot;index&quot;: &quot;&quot;,\n    &quot;color&quot;: &quot;red&quot;\n}\"><\/jgu-base-heading>\n\n\n<jgu-base-accordion react-props=\"{&quot;selected&quot;:1,&quot;align&quot;:&quot;wide&quot;,&quot;hasAllOpenButton&quot;:true,&quot;onlyOne&quot;:false,&quot;initAllClosed&quot;:true,&quot;enableSearch&quot;:false}\">\n    \n<jgu-base-accordionitem react-props=\"{&quot;title&quot;:&quot;Monographs &amp; edited special issues&quot;,&quot;init&quot;:false,&quot;slug&quot;:&quot;monographs-edited-special-issues&quot;,&quot;align&quot;:&quot;wide&quot;,&quot;customSlug&quot;:false}\">\n    \n\n<p class=\"has-big-font-size wp-block-paragraph\">Book: Veronika Cummings, Kumari Issur, Marie Karner, Roukaya Kasenally, Elisabeth Sommerlad (eds.), <strong><em>Mapping Contemporary Place Making in the Indian Ocean<\/em><\/strong>, <a href=\"https:\/\/www.routledge.com\/Routledge-Series-on-the-Indian-Ocean-and-Trans-Asia\/book-series\/RSIO?srsltid=AfmBOoowoIRCIeN_Fthil4BjItBYOpsun3r5HZwCUAhGBIBM6Nh5-I5T\">Routledge Series on the Indian Ocean and Trans-Asia<\/a> (forthcoming, 2026).<\/p>\n\n\n\n<p class=\"has-big-font-size wp-block-paragraph\">Special Issue: Veronika Cummings, Jutta Kister, Miriam Wenner (eds.), <strong><em>Morality, Ethics, and Values for Geographical Thinking<\/em>, *Die <\/strong>ERDE* (in press, 2026)<\/p>\n\n\n\n<p class=\"has-big-font-size wp-block-paragraph\">Book: Veronika Cummings, Aurel von Richthofen and Zahra Babar, (eds.), <a href=\"https:\/\/www.research-collection.ethz.ch\/handle\/20.500.11850\/339841\"><em>Arab Gulf Cities in Transition: Towards New Spatialities<\/em><\/a>, ETH Zurich Research Collection, 2019. doi.org\/10.3929\/ethz-b-000339841 <\/p>\n\n\n\n<p class=\"has-big-font-size wp-block-paragraph\">Special Issue: Sarah Albrecht, Tobias Boos, Veronika Deffner, Matthias Gebauer and Shadia Husseini de Ara\u00fajo (eds.), <em>Editorial: <a href=\"https:\/\/brill.com\/view\/journals\/jome\/5\/1\/article-p1_1.xml?language=en\">Conceptualizing \u201cMuslim Diaspora\u201d,<\/a><\/em> Journal of Muslims in Europe, 5, 2016. DOI: 10.1163\/22117954-12341316<\/p>\n\n\n\n<p class=\"has-big-font-size wp-block-paragraph\">Special Issue: Veronika Deffner, Christoph Haferburg and Patrick Sakdapolrak, (eds.), <a href=\"https:\/\/gh.copernicus.org\/articles\/69\/3\/2014\/\"><em>Relational denken, Ungleichheiten reflektieren \u0336 Bourdieus Theorie der Praxis in der deutschsprachigen Geographischen Entwicklungsforschung<\/em>, Geographica Helvetica<\/a>, 69(1), 2014. DOI: 10.5194\/gh-69-3-2014 <\/p>\n\n\n\n<p class=\"has-big-font-size wp-block-paragraph\">Book: Veronika Deffner and Ulli Meisel (eds.), \u201c<em>StadtQuartiere\u201d \u0336 Sozialwissenschaftliche, \u00f6konomische und st\u00e4dtebaulich-architektonische Perspektiven<\/em>, Essen, Klartext, 2013.<\/p>\n\n\n\n<p class=\"has-big-font-size wp-block-paragraph\">Book: Veronika Deffner,  <em>Habitus of shame &#8211; the social grammar of unequal spatial production. A socio-geographical study of the everyday world of the favela in Salvador da Bahia (Brazil) <\/em>, Passauer Schriften zur Geographie, 26, Passau, Universit\u00e4tsverlag, 2010.<\/p>\n\n\n\n<p class=\"has-big-font-size wp-block-paragraph\">Book: Veronika Deffner, <em>St\u00e4dtische Wasserversorgung in Mahajanga, Madagascar \u0336 Entwicklungszusammenarbeit in Theorie und Praxis<\/em>, W\u00fcrzburger Geographische Manuskripte 62, W\u00fcrzburg, 2003.<\/p>\n\n\n<\/jgu-base-accordionitem>\n\n<jgu-base-accordionitem react-props=\"{&quot;title&quot;:&quot;Articles and others&quot;,&quot;init&quot;:false,&quot;slug&quot;:&quot;articles-and-others&quot;,&quot;align&quot;:&quot;wide&quot;,&quot;customSlug&quot;:false}\">\n    \n\n<p class=\"has-big-font-size wp-block-paragraph\"><\/p>\n\n\n\n<p class=\"has-big-font-size wp-block-paragraph\">Cummings, V. &amp; E. Sommerlad (2026): <a href=\"https:\/\/rgs-ibg.onlinelibrary.wiley.com\/doi\/10.1111\/geoj.70099\">Governing Urban Futures Through the Entangled Temporalities of Smart Urbanism<\/a>. In: <em>The Geographical Journal<\/em> 192 (2): e70099. <\/p>\n\n\n\n<p class=\"has-big-font-size wp-block-paragraph\">Hummel, P., E. Sommerlad &amp; V. Cummings (2026):<a href=\"https:\/\/www.tandfonline.com\/doi\/full\/10.1080\/24694452.2026.2623951?scroll=top&amp;needAccess=true\"> Doing Reel Geographies: Situating Responsibilities and the (In)Visibility of Migration through Short Vertical Films<\/a>. In: <em>Annals of the American Association of Geographers<\/em>. (Online first)  <\/p>\n\n\n\n<p class=\"has-big-font-size wp-block-paragraph\">Lange, Bastian &amp; Veronika Cummings, Spatially differentiating perspectives on post-growth, in: <em>Postwachstumsprozesse <\/em>(Moderation: V. Cummings &amp; B. Lange), Geographische Rundschau, 7\/8, 2024, pp. 4-8.<\/p>\n\n\n\n<p class=\"has-big-font-size wp-block-paragraph\">Bousquet, D., Cummings, V. &amp; J. M. Poersch, IncluKIT (Inclusive Intercultural Communication -KIT): A training program for the initial reception of migrant women. In: Wilhelmi, V. et al. (eds.):    <em>Geographies of violence: geographies of migration. Current conflicts and didactic impulses. <\/em>  Mainzer Kontaktstudium Geographie (23), 2024, pp. 62-69.<\/p>\n\n\n\n<p class=\"has-big-font-size wp-block-paragraph\">Veronika Cummings, Pathways into tomorrow\/\/ Thinking ahead [Societies of the future]: Megatrend Report M12, Robert Bosch Report, 2023, pp. 189-192.<\/p>\n\n\n\n<p class=\"has-big-font-size wp-block-paragraph\">Anjali Korala and Veronika Cummings, \u201cVerticalized Slums, Governmentality and Pandemic Governance: A Critical Hermeneutical Analysis of Governance Practices in a Selected Urban High-Rise in Colombo, Sri Lanka\u201d, in: Hamza, M., Amaratunga, D., Haigh, R. et al. (eds.), R <em>ebuilding Communities After Displacement. Sustainable and Resilience Approaches <\/em>, <a href=\"https:\/\/link.springer.com\/book\/10.1007\/978-3-031-21414-1\">Springer Nature<\/a>, 2023, pp. 313-340.<\/p>\n\n\n\n<p class=\"has-big-font-size wp-block-paragraph\">Veronika Cummings, Marie Karner &amp; Elisabeth Sommerlad, \u201cDie Idee Europas &#8211; zwischen utopischem Konstrukt und gelebter Praxis\u201d, Geographische Rundschau (6) 2023, pp.4-8.<\/p>\n\n\n\n<p class=\"has-big-font-size wp-block-paragraph\">Veronika Cummings and Silas Kropf, &#8216;Antiziganismus entgegenwirken &#8211; Demokratie st\u00e4rken, Geographische Rundschau (6) 2023, pp. 40-43.<\/p>\n\n\n\n<p class=\"has-big-font-size wp-block-paragraph\">Veronika Cummings and Carmella Pfaffenbach, \u201cSocial Space and Social Inequality\u201d, in: Schneider-Sliwa, R., Braun, B., Helbrecht, I. &amp; R. Wehrhahn (eds.), <em>Humangeographie, Geographisches Seminar<\/em>, Westermann, Braunschweig, 2021, pp.244-253.<\/p>\n\n\n\n<p class=\"has-big-font-size wp-block-paragraph\">Veronika Cummings and Lara Christmann, \u201cInternational Labor Migration to the Arab Gulf States\u201d, Geographische Rundschau, (4) 2020, pp. 28-32.<\/p>\n\n\n\n<p class=\"has-big-font-size wp-block-paragraph\">Veronika Cummings, \u201cChallenges and aspirations of the\u201d post-oil nation \u201cin the Sultanate of Oman\u201d, in: Lenze, N. &amp; C. Schriwer (eds.),  <em>Participation Culture in The Gulf. Networks, Politics and Identity <\/em>, Routledge, London\/New York, 2019, pp.109-124.<\/p>\n\n\n\n<p class=\"has-big-font-size wp-block-paragraph\">Veronika Cummings, Aurel von Richthofen and Zahra Babar, \u201cArab Gulf Cities in Transition: Towards New Spatialities\u201d, in: Cummings, V., A. von Richthofen and Z. Babar, (eds.), <a href=\"https:\/\/www.research-collection.ethz.ch\/handle\/20.500.11850\/339841\"><em>Arab Gulf Cities in Transition: Towards New Spatialities<\/em>, ETH Zurich Research Collection<\/a>, 2019, pp. 6-14. doi.org\/10.3929\/ethz-b-000339841<\/p>\n\n\n\n<p class=\"has-big-font-size wp-block-paragraph\">Veronika Cummings and Aurel von Richthofen, <a href=\"https:\/\/www.die-erde.org\/index.php\/die-erde\/article\/view\/328\">\u201cUrban sustainability as a political instrument in the Gulf region exemplified by projects in Abu Dhabi\u201d, DIE ERDE<\/a>, Berlin, Gesellschaft f\u00fcr Erdkunde, 148(4), 2017, pp. 253-267. DOI:10.12854\/erde-148-53 <\/p>\n\n\n\n<p class=\"has-big-font-size wp-block-paragraph\">Veronika Cummings, \u201cEconomic Diversification and Empowerment of Local Human Resources: Could Singapore be a Template for the GCC Countries?\u201d, in: Mishrif, A. &amp; Y. Hamad (eds.),  <em>Economic Diversification in the Gulf Region. Comparing Global Challenges <\/em>, London, Palgrave Macmillan, 2017, pp. 241-260.<\/p>\n\n\n\n<p class=\"has-big-font-size wp-block-paragraph\">Sarah Albrecht, Tobias Boos, Veronika Deffner, Matthias Gebauer, and Shadia Husseini de Ara\u00fajo, &#8220;Editorial: <a href=\"https:\/\/brill.com\/view\/journals\/jome\/5\/1\/article-p1_1.xml?language=en\">Conceptualizing &#8216;Muslim Diaspora,'&#8221;<\/a> <em>Journal of Muslims in Europe<\/em>, 5, 2016, pp. 1\u20139. DOI: 10.1163\/22117954-12341316<\/p>\n\n\n\n<p class=\"has-big-font-size wp-block-paragraph\">Malte Steinbrink, Christoph Haferburg, Daniel Ehebrecht, and Veronika Deffner, \u201cMegaevents und Favelas \u0336 Strategische Interventionen und sozialr\u00e4umliche Effekte in Rio de Janeiro\u201d, <em>sub\\urban. <\/em><em>Journal for Critical Urban Research<\/em>, 3, 1, 2015, pp. 45-74.<\/p>\n\n\n\n<p class=\"has-big-font-size wp-block-paragraph\">Veronika Deffner, &#8220;Migrants from Asia and the Production of \u2018Globalized Cities\u2019 in the Arab Gulf Countries&#8221;, in: ASAN Institute for Policy Studies (ed.), <em>Globalization and the Ties that Bind: Korea and the Gulf<\/em>, ASAN Report, October 2015, pp. 51-67.<\/p>\n\n\n\n<p class=\"has-big-font-size wp-block-paragraph\">Veronika Deffner and Carmella Pfaffenbach, \u201cMigration, modernization, and the urban immigration society in the Sultanate of Oman\u201d, <em>Middle East Insights<\/em>, 128, 2015. DOI: 10.23976\/INS.2015128<\/p>\n\n\n\n<p class=\"has-big-font-size wp-block-paragraph\">Marike Bontenbal and Veronika Deffner, \u201cPlace attachment and sense of belonging in oasis villages in the capital area of Muscat\u201d, <em>TRIALOG<\/em>, 114\/3, 2015, pp. 16-20.<\/p>\n\n\n\n<p class=\"has-big-font-size wp-block-paragraph\">Veronika Deffner and Carmella Pfaffenbach, \u201cUrban Spatial Practice of a Heterogeneous Immigration Society in Muscat, Oman\u201d, <em>TRIALOG<\/em>, 114\/3, 2015, pp. 9-15.<\/p>\n\n\n\n<p class=\"has-big-font-size wp-block-paragraph\">Veronika Deffner, Christoph Haferburg and Patrick Sakdapolrak, &#8216;<a href=\"https:\/\/gh.copernicus.org\/articles\/69\/3\/2014\/\">Thinking Relationally, Reflecting on Inequalities \u2014 Bourdieu\u2019s Theory of Practice in German-Language Geographical Development Research. \u201cEditorial,\u201d <em>Geographica Helvetica<\/em> <\/a>, 69(1), 2014, pp. 3-6. doi.org\/10.5194\/gh-69-3-2014<\/p>\n\n\n\n<p class=\"has-big-font-size wp-block-paragraph\">Veronika Deffner and Christoph Haferburg, <a href=\"https:\/\/gh.copernicus.org\/articles\/69\/7\/2014\/\">\u201cBourdieu&#8217;s Theory of Practice as an Alternative Perspective for Geographical Development Research\u201d, <\/a><em>Geographica Helvetica,<\/em> 69(1), 2014, pp. 13-25. doi:10.5194\/gh-69-7-2014<\/p>\n\n\n\n<p class=\"has-big-font-size wp-block-paragraph\">Veronika Deffner and Christoph Haferburg, \u201cPierre Bourdieu: Habitus und Habitat als Verh\u00e4ltnis von Subjekt, Sozialem und Macht\u201d, in: O\u00dfenbr\u00fcgge, J. &amp; A. Vogelpohl (eds.),  <em>Theories in spatial and urban research. Introductions <\/em>, M\u00fcnster, Westf\u00e4lisches Dampfboot, 2014, pp. 328-347.<\/p>\n\n\n\n<p class=\"has-big-font-size wp-block-paragraph\">Veronika Deffner, \u201cGelebte Translokalit\u00e4t von indischen Studierenden in Aachen\u201d, <em>Geographische Rundschau,<\/em> 66(11), 2014, pp.18-23.<\/p>\n\n\n\n<p class=\"has-big-font-size wp-block-paragraph\">Veronika Deffner and Carmella Pfaffenbach, \u201cArbeidsmigratie vormt nu bedreiging: Oman investeert in nationaal human capital\u201d, <em>Geography, <\/em>2 (23), 2014, pp.12-14.<\/p>\n\n\n\n<p class=\"has-big-font-size wp-block-paragraph\">Veronika Deffner, \u201cThe Indian Diaspora in Muscat\u201d, in: S. I. Rajan (ed.), <em>India Migration Report 2013: Diaspora and Development<\/em>, London\/New York\/New Delhi, Routledge, pp.181-192.<\/p>\n\n\n\n<p class=\"has-big-font-size wp-block-paragraph\">Veronika Deffner, &#8220;\u2018Favelas are not bad places to live\u2019. New ways of expressing resistance&#8221;, In: Tschorn, L., T. Schmitt, &amp; S. Husseini de Ara\u00fajo (eds.), <em>Widerst\u00e4ndigkeiten im Land der Zukunft<\/em>. A different Brazil book, M\u00fcnster, Unrast, 2014, pp.231-244.  <\/p>\n\n\n\n<p class=\"has-big-font-size wp-block-paragraph\">Veronika Deffner and Carmella Pfaffenbach, <a href=\"https:\/\/rur.oekom.de\/index.php\/rur\/article\/view\/726\">\u201cTemporary Integration for a Life in Transition: Social and Political Dealing with the Challenges of a Segmented Urban Migration Society in Muscat (Oman)\u201d, <em>Raumforschung und Raumordnung<\/em>, 71(3<\/a>), 2013, pp.233-245. doi.org\/10.1007\/s13147-013-0224-0 <\/p>\n\n\n\n<p class=\"has-big-font-size wp-block-paragraph\">Veronika Deffner and Christoph Haferburg, \u201cRaum, Stadt und Machtverh\u00e4ltnisse. Human Geographical Confrontations with Bourdieu\u201d, <em>Geographische Zeitschrift,<\/em> 2012, pp.164-180. <\/p>\n\n\n\n<p class=\"has-big-font-size wp-block-paragraph\">Veronika Deffner, &#8220;Experiencing and Understanding the \u2018Other\u2019&#8221;, in: Pfaffenbach, C., P. Reuber &amp; A. Mattissek, (eds.), <em>Methoden der Humangeographie<\/em>, Braunschweig, Westermann, 2013, pp.155-157.<\/p>\n\n\n\n<p class=\"has-big-font-size wp-block-paragraph\">Veronika Deffner, \u201cNeighborhoods as social spaces. Sozialgeographische Reflexionen\u201d, in: Deffner, V. &amp; U. Meisel, (eds.), <em>Sozialwissenschaftliche, \u00f6konomische und st\u00e4dtebaulich-architektonische Perspektiven<\/em>, Essen, Klartext, 2013, pp.83-98. <\/p>\n\n\n\n<p class=\"has-big-font-size wp-block-paragraph\">Veronika Deffner and Ulli Meisel, \u201cQuartiere in der Stadt: eine Einordnung theoretischer und praktischer Zug\u00e4nge\u201d, in: Deffner, V. &amp; U. Meisel, (eds.), <em>Sozialwissenschaftliche, \u00f6konomische und st\u00e4dtebaulich-architektonische Perspektiven<\/em>, Essen, Klartext. 2013, pp.7-16. <\/p>\n\n\n\n<p class=\"has-big-font-size wp-block-paragraph\">Veronika Deffner, \u201cSecond class citizens\u201d, <em>D+C Development and Cooperation. <\/em><em>International Journal<\/em>, Vol. 38(3), 2011, pp.110-112. <\/p>\n\n\n\n<p class=\"has-big-font-size wp-block-paragraph\">Veronika Deffner, \u201cHenri Lefebvre\u201d, in: Middell, M. &amp; U. Engel, (eds.), <em>Theoretiker zur Globalisierung<\/em>, Leipzig, Universit\u00e4tsverlag, 2010, pp. 307-322.<\/p>\n\n\n\n<p class=\"has-big-font-size wp-block-paragraph\">Veronika Deffner&#8217; &#8216;Geografia da Desigualdade Social. Uma perspectiva de geografia urbana cr\u00edtica apresentada a partir do exemplo da produ\u00e7\u00e3o social da favela em Salvador-BA&#8217;, <em>GeoTextos<\/em>, Vol.  6(2), 2010. pp.115-137. DOI: http:\/\/dx.doi.org\/10.9771\/1984-5537geo.v6i2.4833 <\/p>\n\n\n\n<p class=\"has-big-font-size wp-block-paragraph\">Veronika Deffner, &#8220;Voices from the Favela. Naturalization of social inequality \u2018from below\u2019 in Brazil&#8217;s cities&#8221;, in: E. Rothfuss (ed.), <em>Entwicklungskontraste in den Americas,<\/em> Passauer Kontaktstudium Erdkunde, 9, Passau, 2008, pp.27-49. <\/p>\n\n\n\n<p class=\"has-big-font-size wp-block-paragraph\">Veronika Deffner and Eberhard Rothfu\u00df, &#8220;Reservas naturais e desenvolvimento regional sustent\u00e1vel: o exemplo do parque nacional da Floresta da Baviera na Alemanha (\u2018Bavarian Forest\u2019)&#8221;, <em>GeoTextos<\/em>, Vol. 3(2), 2007, pp.117-137. DOI: 10.9771\/1984-5537geo.v.3i0.3048  <\/p>\n\n\n\n<p class=\"has-big-font-size wp-block-paragraph\">Veronika Deffner, &#8220;Social Vulnerability in the \u2018Risk Space Favela\u2019. An analysis of social space based on Bourdieu&#8217;s \u2018theory of practice\u2019&#8221;, in: Wehrhahn, R., (ed.): <em>Risiko und Vulnerabilit\u00e4t in Lateinamerika,<\/em> Kieler geographische Schriften, 117. Kiel, 2007, pp. 207-232.  <\/p>\n\n\n\n<p class=\"has-big-font-size wp-block-paragraph\">Eberhard Rothfu\u00df and Veronika Deffner, \u201cInformal Urban Sector: Unsecured Economy of the Majority in Latin America, Africa and Asia\u201d, in: Rothfu\u00df, E. &amp; D. B\u00f6hn, (eds.), <em>Handbook of Geography Education, Developing Countries<\/em>, 8\/1. Cologne, 2007, pp.210-218. <\/p>\n\n\n\n<p class=\"has-big-font-size wp-block-paragraph\">Veronika Deffner and Ernst Struck, \u201cLateinamerikas St\u00e4dte im Wandel: Geographische Stadtforschung zu Lateinamerika im deutschsprachigen Raum seit 2000. Themen, Trends und kritische Analyse\u201d, in: Rothfu\u00df, E. &amp; W. Gamerith (eds.), <em>Stadtwelten in den Americas, <\/em>Passauer Schriften zur Geographie, 23. Passau, 2007, pp.13-36. <\/p>\n\n\n\n<p class=\"has-big-font-size wp-block-paragraph\">Veronika Deffner, \u201cLifeworld of an inner-city marginal neighborhood in Salvador da Bahia (Brazil) \u0336 Dealing with social and spatial exclusion from the perspective of poor population groups\u201d, <em>Geographica Helvetica<\/em>, 61(1), 2006, pp.21-31. DOI: 10.5194\/gh-61-21-2006<\/p>\n\n\n\n<p class=\"has-big-font-size wp-block-paragraph\">Veronika Deffner, \u201cA theory-directed problem analysis in the sector of urban water management in developing countries. Results of a socio-geographical case study in the town of Mahajanga\/Madagascar\u201d, in: M. Schmitz (ed.), <em>Water and Sustainable Development. <\/em><em>Schriften zur Internationalen Entwicklungs- und Umweltforschung<\/em>, 13, Gie\u00dfen, 2005, pp.149-168. DOI: https:\/\/doi.org\/10.3726\/978-3-653-02074-8  <\/p>\n\n\n<\/jgu-base-accordionitem>\n\n<\/jgu-base-accordion>\n\n\n\n<p class=\"has-big-font-size wp-block-paragraph\"><\/p>\n\n\n\n<div style=\"height:90px\" aria-hidden=\"true\" class=\"wp-block-spacer\"><\/div>\n\n\n<jgu-base-heading react-props=\"{\n    &quot;tags&quot;: {\n        &quot;htmlTag&quot;: &quot;h2&quot;,\n        &quot;classTag&quot;: &quot;&quot;,\n        &quot;tag&quot;: &quot;h2&quot;\n    },\n    &quot;heading&quot;: &quot;Academic service&quot;,\n    &quot;textAlign&quot;: &quot;left&quot;,\n    &quot;anchor&quot;: &quot;&quot;,\n    &quot;index&quot;: &quot;&quot;,\n    &quot;color&quot;: &quot;red&quot;\n}\"><\/jgu-base-heading>\n\n\n<jgu-base-accordion react-props=\"{&quot;selected&quot;:2,&quot;align&quot;:&quot;wide&quot;,&quot;hasAllOpenButton&quot;:true,&quot;onlyOne&quot;:false,&quot;initAllClosed&quot;:true,&quot;enableSearch&quot;:false}\">\n    \n<jgu-base-accordionitem react-props=\"{&quot;title&quot;:&quot;Editorial Work&quot;,&quot;init&quot;:false,&quot;slug&quot;:&quot;herausgeberschaften&quot;,&quot;align&quot;:&quot;wide&quot;,&quot;customSlug&quot;:false}\">\n    \n\n<p class=\"has-big-font-size wp-block-paragraph\">Editorial Board Member<a href=\"https:\/\/www.die-erde.org\/index.php\/die-erde\">&#8220;Die ERDE<\/a>&#8220;, Journal of the Geographical Society of Berlin<\/p>\n\n\n\n<p class=\"has-big-font-size wp-block-paragraph\">Editor of the book series<a href=\"https:\/\/www.springer.com\/series\/16066\/editors\">&#8220;Perspektiven der Humangeographie<\/a>&#8221; (Springer Verlag)<\/p>\n\n\n\n<p class=\"has-big-font-size wp-block-paragraph\">Editor &#8220;Media Geography Mainz&#8221; (University of Mainz)<\/p>\n\n\n<\/jgu-base-accordionitem>\n\n<jgu-base-accordionitem react-props=\"{&quot;title&quot;:&quot;Academic service&quot;,&quot;init&quot;:false,&quot;slug&quot;:&quot;akademische-funktionen&quot;,&quot;align&quot;:&quot;wide&quot;,&quot;customSlug&quot;:false}\">\n    \n\n<p class=\"has-big-font-size wp-block-paragraph\"><\/p>\n\n\n\n<p class=\"has-big-font-size wp-block-paragraph\">Associate Dean for Learning and Teaching, Faculty 09 (Chemistry, Pharmaceutical Sciences, Geography, and Earth Sciences)<\/p>\n\n\n\n<p class=\"has-big-font-size wp-block-paragraph\">Managing Director of the Institute of Geography, JGU Mainz<\/p>\n\n\n\n<p class=\"has-big-font-size wp-block-paragraph\">Spokesperson of the <a href=\"https:\/\/forthem.uni-mainz.de\/labs\/\">FORTHEM Lab &#8220;Migration and Diversity&#8221;<\/a><\/p>\n\n\n\n<p class=\"has-big-font-size wp-block-paragraph\">Chairperson of the Ethics Committee (FB 09) of JGU Mainz<\/p>\n\n\n\n<p class=\"has-big-font-size wp-block-paragraph\">Member of the executive committee of the <a href=\"https:\/\/en.gshs.uni-mainz.de\/\"><em>Gutenberg Graduate School of the Humanities and Social Sciences<\/em><\/a><\/p>\n\n\n\n<p class=\"has-big-font-size wp-block-paragraph\">Partner in the Mercator Science Fellowship Program<\/p>\n\n\n\n<p class=\"has-big-font-size wp-block-paragraph\">Chair of the Examination Board MA <em>Human Geography: Globalization, Media and Culture<\/em>.<\/p>\n\n\n\n<p class=\"has-big-font-size wp-block-paragraph\"><\/p>\n\n\n<\/jgu-base-accordionitem>\n\n<jgu-base-accordionitem react-props=\"{&quot;title&quot;:&quot;Memberships&quot;,&quot;init&quot;:false,&quot;slug&quot;:&quot;memberships&quot;,&quot;align&quot;:&quot;wide&quot;,&quot;customSlug&quot;:false}\">\n    \n\n<p class=\"has-big-font-size wp-block-paragraph\">Middle East Studies Association (MESA)<\/p>\n\n\n\n<p class=\"has-big-font-size wp-block-paragraph\">German-Omani Society (DOG)<\/p>\n\n\n\n<p class=\"has-big-font-size wp-block-paragraph\">German Working Group for the Middle East (DAVO)<\/p>\n\n\n\n<p class=\"has-big-font-size wp-block-paragraph\">Geographical Working Group on Development Theories (GAE) of the VGDH<\/p>\n\n\n\n<p class=\"has-big-font-size wp-block-paragraph\">AK Geography and Theory of Society (Co-Speaker)<\/p>\n\n\n<\/jgu-base-accordionitem>\n\n<\/jgu-base-accordion>\n<\/div>\n\n\n\n<div class=\"wp-block-column is-layout-flow wp-block-column-is-layout-flow\">\n<div class=\"wp-block-columns is-layout-flex wp-container-core-columns-is-layout-8f761849 wp-block-columns-is-layout-flex\">\n<div class=\"wp-block-column is-layout-flow wp-block-column-is-layout-flow\"><jgu-base-image react-props=\"{\n    &quot;image&quot;: {\n        &quot;url&quot;: null,\n        &quot;id&quot;: 9241\n    },\n    &quot;align&quot;: &quot;&quot;,\n    &quot;hasLightbox&quot;: false,\n    &quot;caption&quot;: &quot;&quot;,\n    &quot;imgWidth&quot;: 0,\n    &quot;link&quot;: {\n        &quot;url&quot;: &quot;&quot;,\n        &quot;target&quot;: &quot;&quot;,\n        &quot;rel&quot;: &quot;&quot;\n    },\n    &quot;hoverEffect&quot;: &quot;default&quot;\n}\" class=\"align-\">\n    \n<\/jgu-base-image>\n\n<jgu-base-image react-props=\"{\n    &quot;image&quot;: {\n        &quot;url&quot;: &quot;https:\\\/\\\/cms.zdv.uni-mainz.de\\\/fb09humangeographie\\\/wp-content\\\/uploads\\\/sites\\\/439\\\/2025\\\/01\\\/Klimazeit_2-1.png&quot;,\n        &quot;id&quot;: 9375,\n        &quot;title&quot;: &quot;Klimazeit_2-1&quot;,\n        &quot;width&quot;: 715,\n        &quot;height&quot;: 698,\n        &quot;srcset&quot;: &quot;https:\\\/\\\/cms.zdv.uni-mainz.de\\\/fb09humangeographie\\\/wp-content\\\/uploads\\\/sites\\\/439\\\/2025\\\/01\\\/Klimazeit_2-1.png 715w, https:\\\/\\\/cms.zdv.uni-mainz.de\\\/fb09humangeographie\\\/wp-content\\\/uploads\\\/sites\\\/439\\\/2025\\\/01\\\/Klimazeit_2-1-300x293.png 300w&quot;\n    },\n    &quot;align&quot;: &quot;&quot;,\n    &quot;hasLightbox&quot;: false,\n    &quot;caption&quot;: &quot;&quot;,\n    &quot;imgWidth&quot;: 0,\n    &quot;link&quot;: {\n        &quot;url&quot;: &quot;&quot;,\n        &quot;target&quot;: &quot;&quot;,\n        &quot;rel&quot;: &quot;&quot;\n    },\n    &quot;hoverEffect&quot;: &quot;default&quot;\n}\" class=\"align-\">\n    \n<\/jgu-base-image><\/div>\n\n\n\n<div class=\"wp-block-column is-layout-flow wp-block-column-is-layout-flow\"><jgu-base-idm-person react-props=\"{\n    &quot;id&quot;: &quot;5045&quot;,\n    &quot;name&quot;: &quot;Veronika Cummings&quot;,\n    &quot;link&quot;: &quot;false&quot;,\n    &quot;organizationId&quot;: 963,\n    &quot;roleId&quot;: 13,\n    &quot;skipDetails&quot;: [\n        &quot;portrait&quot;\n    ],\n    &quot;align&quot;: &quot;left&quot;,\n    &quot;color&quot;: &quot;default&quot;,\n    &quot;mode&quot;: &quot;edit&quot;,\n    &quot;linkType&quot;: &quot;false&quot;\n}\">\n        \n<\/jgu-base-idm-person>\n\n\n\n<p class=\"has-big-font-size wp-block-paragraph\">Consultation hour:<br\/><strong>By appointment via email<\/strong><\/p>\n<\/div>\n<\/div>\n<\/div>\n<\/div>\n\n<div style=\"height:444px\" aria-hidden=\"true\" class=\"wp-block-spacer\"><\/div>\n    <div style=\"display: none\">\n        \n    <\/div>","protected":false},"excerpt":{"rendered":"<p>Professor of Human Geography Veronika Cummings is a social geographer with specific interest in urban inequalities and migration regimes, in which she is looking into in\/justices, responsibilities and ethical dimensions. Prior to her appointment as Professor for Human Geography in 2017 at Johannes Gutenberg University in Mainz, she was a Senior Research Fellow at the &hellip; <a href=\"https:\/\/www.humangeographie.uni-mainz.de\/en\/veronika-cummings\/\">Continued<\/a><\/p>\n","protected":false},"author":484,"featured_media":0,"parent":0,"menu_order":0,"comment_status":"closed","ping_status":"closed","template":"","meta":{"footnotes":""},"categories":[],"tags":[],"class_list":["post-10580","page","type-page","status-publish","hentry"],"content_raw":"<!-- wp:columns {\"className\":\"\"} -->\n<div class=\"wp-block-columns\"><!-- wp:column -->\n<div class=\"wp-block-column\"><!-- wp:jgu\/heading {\"index\":\"Prof. Dr. \",\"tags\":{\"htmlTag\":\"h2\",\"classTag\":\"\",\"tag\":\"h2\"},\"heading\":\"Veronika Cummings\"} \/-->\n\n<!-- wp:paragraph {\"translatedWithWPMLTM\":\"1\"} -->\n<p class=\"has-big-font-size\"><strong>Professor of Human Geography<\/strong><\/p>\n<!-- \/wp:paragraph -->\n\n<!-- wp:paragraph {\"translatedWithWPMLTM\":\"1\"} -->\n<p class=\"has-big-font-size\">Veronika Cummings is a social geographer with specific interest in urban inequalities and migration regimes, in which she is looking into in\/justices, responsibilities and ethical dimensions. <\/p>\n<!-- \/wp:paragraph -->\n\n<!-- wp:paragraph {\"translatedWithWPMLTM\":\"1\"} -->\n<p class=\"has-big-font-size\">Prior to her appointment as Professor for Human Geography in 2017 at Johannes Gutenberg University in Mainz, she was a<em> Senior Research Fellow<\/em> at the Middle East Institute of the <strong>National University of Singapore <\/strong>(2015-2017) and <em>Assistant Professor<\/em> (2013-2015) at the German University of Technology in Muscat in the <strong>Sultanate of Oman<\/strong>. Prior to this, she was a post-doctoral assistant in the Cultural Geography work group at RWTH Aachen University, where she has been working on <strong>transformation processes, transnational relations and identity in the Sultanate of Oman <\/strong>since 2009, and thus also on the <strong>migration regime in the Indian Ocean, especially to the Arab Gulf states<\/strong>.  <\/p>\n<!-- \/wp:paragraph -->\n\n<!-- wp:paragraph {\"translatedWithWPMLTM\":\"1\"} -->\n<p class=\"has-big-font-size\">She obtained a doctorate (Dr. phil.) from the Faculty of Philosophy at the University of Passau in 2009 with a doctoral dissertation on the production of social and spatial inequality in the favelas of Salvador da Bahia (Brazil). She studied Geography and Sociology at the Julius Maximilian University of W\u00fcrzburg and the Universit\u00e9 de Caen in France. <\/p>\n<!-- \/wp:paragraph -->\n\n<!-- wp:paragraph {\"translatedWithWPMLTM\":\"1\"} -->\n<p class=\"has-big-font-size\">Her current thematic fields of research are 1) socio-political-spatial negotiations of power and belonging in the context of <strong>migration<\/strong><em>(nation-building; international labour migration\/migration regimes and related planetary urban spaces<\/em>), 2) <strong>sustainability utopias<\/strong><em>(visions of the future, urban transformations, perception and communication of utopia\/\/dystopia, post-growth and resilience<\/em>) with a view to social and climate-related transitions and 3) <strong>geographies of ethics<\/strong> with a view to the interplay of unbounded responsibility and understandings of values of geographical but also social resources and their public negotiation, especially in the field of tension between open-participatory and authoritarian societies. Her empirical research experience in this area spans more than 15 years in the Sultanate of Oman, the United Arab States, Singapore and Germany. More recent regional research contexts include Brazil, Madagascar and Sri Lanka.  <\/p>\n<!-- \/wp:paragraph -->\n\n<!-- wp:paragraph {\"translatedWithWPMLTM\":\"1\"} -->\n<p class=\"has-big-font-size\">In terms of epistemology, her work is particularly oriented towards social theories, the philosophy of justice, approaches from the field of environmental humanities and praxeological theory. Empirically, she works primarily with social science and ethnographic (multi-sited, narrative and visual) methods within the framework of qualitative social research. <\/p>\n<!-- \/wp:paragraph -->\n\n<!-- wp:separator -->\n<hr class=\"wp-block-separator has-alpha-channel-opacity\" \/>\n<!-- \/wp:separator -->\n\n<!-- wp:spacer -->\n<div style=\"height:90px\" aria-hidden=\"true\" class=\"wp-block-spacer\"><\/div>\n<!-- \/wp:spacer -->\n\n<!-- wp:jgu\/heading {\"tags\":{\"htmlTag\":\"h2\",\"classTag\":\"\",\"tag\":\"h2\"},\"heading\":\"Research Groups\"} \/-->\n\n<!-- wp:paragraph {\"translatedWithWPMLTM\":\"1\"} -->\n<p class=\"has-big-font-size\"><strong><a href=\"https:\/\/www.leibniz-gemeinschaft.de\/forschung\/leibniz-wissenschaftscampi\/recoment\">Leibniz Science Campus<\/a>: \u201cResiliencies: Comparing and Integrating Methodologies, Methods, Narratives, and Theories (RECOMENT)\u201d,<\/strong> University Mainz\/ LEIZA &amp; University Trier<strong><em><\/em><\/strong><\/p>\n<!-- \/wp:paragraph -->\n\n<!-- wp:paragraph -->\n<p class=\"has-big-font-size\"><a href=\"https:\/\/www.rhein-main-universitaeten.de\/en\/research\/oman-research-network\">RMU Oman Research Network<\/a><\/p>\n<!-- \/wp:paragraph -->\n\n<!-- wp:paragraph {\"translatedWithWPMLTM\":\"1\"} -->\n<p class=\"has-big-font-size\">Research Group<a href=\"https:\/\/www.zis.uni-mainz.de\/projekte\/forschungs-ags\/indian-ocean-confluences\/\"> Indian Ocean Confluences<\/a><\/p>\n<!-- \/wp:paragraph -->\n\n<!-- wp:paragraph -->\n<p class=\"has-big-font-size\"><\/p>\n<!-- \/wp:paragraph -->\n\n<!-- wp:separator -->\n<hr class=\"wp-block-separator has-alpha-channel-opacity\" \/>\n<!-- \/wp:separator -->\n\n<!-- wp:jgu\/heading {\"tags\":{\"htmlTag\":\"h2\",\"classTag\":\"\",\"tag\":\"h2\"},\"heading\":\"Publications\"} \/-->\n\n<!-- wp:jgu\/accordion {\"selected\":1} -->\n<!-- wp:jgu\/accordion-item {\"title\":\"Monographs \\u0026 edited special issues\",\"init\":false,\"slug\":\"monographs-edited-special-issues\"} -->\n<!-- wp:paragraph {\"translatedWithWPMLTM\":\"1\"} -->\n<p class=\"has-big-font-size\">Book: Veronika Cummings, Kumari Issur, Marie Karner, Roukaya Kasenally, Elisabeth Sommerlad (eds.), <strong><em>Mapping Contemporary Place Making in the Indian Ocean<\/em><\/strong>, <a href=\"https:\/\/www.routledge.com\/Routledge-Series-on-the-Indian-Ocean-and-Trans-Asia\/book-series\/RSIO?srsltid=AfmBOoowoIRCIeN_Fthil4BjItBYOpsun3r5HZwCUAhGBIBM6Nh5-I5T\">Routledge Series on the Indian Ocean and Trans-Asia<\/a> (forthcoming, 2026).<\/p>\n<!-- \/wp:paragraph -->\n\n<!-- wp:paragraph {\"translatedWithWPMLTM\":\"1\"} -->\n<p class=\"has-big-font-size\">Special Issue: Veronika Cummings, Jutta Kister, Miriam Wenner (eds.), <strong><em>Morality, Ethics, and Values for Geographical Thinking<\/em>, *Die <\/strong>ERDE* (in press, 2026)<\/p>\n<!-- \/wp:paragraph -->\n\n<!-- wp:paragraph {\"translatedWithWPMLTM\":\"1\"} -->\n<p class=\"has-big-font-size\">Book: Veronika Cummings, Aurel von Richthofen and Zahra Babar, (eds.), <a href=\"https:\/\/www.research-collection.ethz.ch\/handle\/20.500.11850\/339841\"><em>Arab Gulf Cities in Transition: Towards New Spatialities<\/em><\/a>, ETH Zurich Research Collection, 2019. doi.org\/10.3929\/ethz-b-000339841 <\/p>\n<!-- \/wp:paragraph -->\n\n<!-- wp:paragraph {\"translatedWithWPMLTM\":\"1\"} -->\n<p class=\"has-big-font-size\">Special Issue: Sarah Albrecht, Tobias Boos, Veronika Deffner, Matthias Gebauer and Shadia Husseini de Ara\u00fajo (eds.), <em>Editorial: <a href=\"https:\/\/brill.com\/view\/journals\/jome\/5\/1\/article-p1_1.xml?language=en\">Conceptualizing \u201cMuslim Diaspora\u201d,<\/a><\/em> Journal of Muslims in Europe, 5, 2016. DOI: 10.1163\/22117954-12341316<\/p>\n<!-- \/wp:paragraph -->\n\n<!-- wp:paragraph {\"translatedWithWPMLTM\":\"1\"} -->\n<p class=\"has-big-font-size\">Special Issue: Veronika Deffner, Christoph Haferburg and Patrick Sakdapolrak, (eds.), <a href=\"https:\/\/gh.copernicus.org\/articles\/69\/3\/2014\/\"><em>Relational denken, Ungleichheiten reflektieren \u0336 Bourdieus Theorie der Praxis in der deutschsprachigen Geographischen Entwicklungsforschung<\/em>, Geographica Helvetica<\/a>, 69(1), 2014. DOI: 10.5194\/gh-69-3-2014 <\/p>\n<!-- \/wp:paragraph -->\n\n<!-- wp:paragraph {\"translatedWithWPMLTM\":\"1\"} -->\n<p class=\"has-big-font-size\">Book: Veronika Deffner and Ulli Meisel (eds.), \u201c<em>StadtQuartiere\u201d \u0336 Sozialwissenschaftliche, \u00f6konomische und st\u00e4dtebaulich-architektonische Perspektiven<\/em>, Essen, Klartext, 2013.<\/p>\n<!-- \/wp:paragraph -->\n\n<!-- wp:paragraph {\"translatedWithWPMLTM\":\"1\"} -->\n<p class=\"has-big-font-size\">Book: Veronika Deffner,  <em>Habitus of shame - the social grammar of unequal spatial production. A socio-geographical study of the everyday world of the favela in Salvador da Bahia (Brazil) <\/em>, Passauer Schriften zur Geographie, 26, Passau, Universit\u00e4tsverlag, 2010.<\/p>\n<!-- \/wp:paragraph -->\n\n<!-- wp:paragraph {\"translatedWithWPMLTM\":\"1\"} -->\n<p class=\"has-big-font-size\">Book: Veronika Deffner, <em>St\u00e4dtische Wasserversorgung in Mahajanga, Madagascar \u0336 Entwicklungszusammenarbeit in Theorie und Praxis<\/em>, W\u00fcrzburger Geographische Manuskripte 62, W\u00fcrzburg, 2003.<\/p>\n<!-- \/wp:paragraph -->\n<!-- \/wp:jgu\/accordion-item -->\n\n<!-- wp:jgu\/accordion-item {\"title\":\"Articles and others\",\"init\":false,\"slug\":\"articles-and-others\"} -->\n<!-- wp:paragraph -->\n<p class=\"has-big-font-size\"><\/p>\n<!-- \/wp:paragraph -->\n\n<!-- wp:paragraph {\"translatedWithWPMLTM\":\"1\"} -->\n<p class=\"has-big-font-size\">Cummings, V. &amp; E. Sommerlad (2026): <a href=\"https:\/\/rgs-ibg.onlinelibrary.wiley.com\/doi\/10.1111\/geoj.70099\">Governing Urban Futures Through the Entangled Temporalities of Smart Urbanism<\/a>. In: <em>The Geographical Journal<\/em> 192 (2): e70099. <\/p>\n<!-- \/wp:paragraph -->\n\n<!-- wp:paragraph {\"translatedWithWPMLTM\":\"1\"} -->\n<p class=\"has-big-font-size\">Hummel, P., E. Sommerlad &amp; V. Cummings (2026):<a href=\"https:\/\/www.tandfonline.com\/doi\/full\/10.1080\/24694452.2026.2623951?scroll=top&amp;needAccess=true\"> Doing Reel Geographies: Situating Responsibilities and the (In)Visibility of Migration through Short Vertical Films<\/a>. In: <em>Annals of the American Association of Geographers<\/em>. (Online first)  <\/p>\n<!-- \/wp:paragraph -->\n\n<!-- wp:paragraph {\"translatedWithWPMLTM\":\"1\"} -->\n<p class=\"has-big-font-size\">Lange, Bastian &amp; Veronika Cummings, Spatially differentiating perspectives on post-growth, in: <em>Postwachstumsprozesse <\/em>(Moderation: V. Cummings &amp; B. Lange), Geographische Rundschau, 7\/8, 2024, pp. 4-8.<\/p>\n<!-- \/wp:paragraph -->\n\n<!-- wp:paragraph {\"translatedWithWPMLTM\":\"1\"} -->\n<p class=\"has-big-font-size\">Bousquet, D., Cummings, V. &amp; J. M. Poersch, IncluKIT (Inclusive Intercultural Communication -KIT): A training program for the initial reception of migrant women. In: Wilhelmi, V. et al. (eds.):    <em>Geographies of violence: geographies of migration. Current conflicts and didactic impulses. <\/em>  Mainzer Kontaktstudium Geographie (23), 2024, pp. 62-69.<\/p>\n<!-- \/wp:paragraph -->\n\n<!-- wp:paragraph {\"translatedWithWPMLTM\":\"1\"} -->\n<p class=\"has-big-font-size\">Veronika Cummings, Pathways into tomorrow\/\/ Thinking ahead [Societies of the future]: Megatrend Report M12, Robert Bosch Report, 2023, pp. 189-192.<\/p>\n<!-- \/wp:paragraph -->\n\n<!-- wp:paragraph {\"translatedWithWPMLTM\":\"1\"} -->\n<p class=\"has-big-font-size\">Anjali Korala and Veronika Cummings, \u201cVerticalized Slums, Governmentality and Pandemic Governance: A Critical Hermeneutical Analysis of Governance Practices in a Selected Urban High-Rise in Colombo, Sri Lanka\u201d, in: Hamza, M., Amaratunga, D., Haigh, R. et al. (eds.), R <em>ebuilding Communities After Displacement. Sustainable and Resilience Approaches <\/em>, <a href=\"https:\/\/link.springer.com\/book\/10.1007\/978-3-031-21414-1\">Springer Nature<\/a>, 2023, pp. 313-340.<\/p>\n<!-- \/wp:paragraph -->\n\n<!-- wp:paragraph {\"translatedWithWPMLTM\":\"1\"} -->\n<p class=\"has-big-font-size\">Veronika Cummings, Marie Karner &amp; Elisabeth Sommerlad, \u201cDie Idee Europas - zwischen utopischem Konstrukt und gelebter Praxis\u201d, Geographische Rundschau (6) 2023, pp.4-8.<\/p>\n<!-- \/wp:paragraph -->\n\n<!-- wp:paragraph {\"translatedWithWPMLTM\":\"1\"} -->\n<p class=\"has-big-font-size\">Veronika Cummings and Silas Kropf, 'Antiziganismus entgegenwirken - Demokratie st\u00e4rken, Geographische Rundschau (6) 2023, pp. 40-43.<\/p>\n<!-- \/wp:paragraph -->\n\n<!-- wp:paragraph {\"translatedWithWPMLTM\":\"1\"} -->\n<p class=\"has-big-font-size\">Veronika Cummings and Carmella Pfaffenbach, \u201cSocial Space and Social Inequality\u201d, in: Schneider-Sliwa, R., Braun, B., Helbrecht, I. &amp; R. Wehrhahn (eds.), <em>Humangeographie, Geographisches Seminar<\/em>, Westermann, Braunschweig, 2021, pp.244-253.<\/p>\n<!-- \/wp:paragraph -->\n\n<!-- wp:paragraph {\"translatedWithWPMLTM\":\"1\"} -->\n<p class=\"has-big-font-size\">Veronika Cummings and Lara Christmann, \u201cInternational Labor Migration to the Arab Gulf States\u201d, Geographische Rundschau, (4) 2020, pp. 28-32.<\/p>\n<!-- \/wp:paragraph -->\n\n<!-- wp:paragraph {\"translatedWithWPMLTM\":\"1\"} -->\n<p class=\"has-big-font-size\">Veronika Cummings, \u201cChallenges and aspirations of the\u201d post-oil nation \u201cin the Sultanate of Oman\u201d, in: Lenze, N. &amp; C. Schriwer (eds.),  <em>Participation Culture in The Gulf. Networks, Politics and Identity <\/em>, Routledge, London\/New York, 2019, pp.109-124.<\/p>\n<!-- \/wp:paragraph -->\n\n<!-- wp:paragraph {\"translatedWithWPMLTM\":\"1\"} -->\n<p class=\"has-big-font-size\">Veronika Cummings, Aurel von Richthofen and Zahra Babar, \u201cArab Gulf Cities in Transition: Towards New Spatialities\u201d, in: Cummings, V., A. von Richthofen and Z. Babar, (eds.), <a href=\"https:\/\/www.research-collection.ethz.ch\/handle\/20.500.11850\/339841\"><em>Arab Gulf Cities in Transition: Towards New Spatialities<\/em>, ETH Zurich Research Collection<\/a>, 2019, pp. 6-14. doi.org\/10.3929\/ethz-b-000339841<\/p>\n<!-- \/wp:paragraph -->\n\n<!-- wp:paragraph {\"translatedWithWPMLTM\":\"1\"} -->\n<p class=\"has-big-font-size\">Veronika Cummings and Aurel von Richthofen, <a href=\"https:\/\/www.die-erde.org\/index.php\/die-erde\/article\/view\/328\">\u201cUrban sustainability as a political instrument in the Gulf region exemplified by projects in Abu Dhabi\u201d, DIE ERDE<\/a>, Berlin, Gesellschaft f\u00fcr Erdkunde, 148(4), 2017, pp. 253-267. DOI:10.12854\/erde-148-53 <\/p>\n<!-- \/wp:paragraph -->\n\n<!-- wp:paragraph {\"translatedWithWPMLTM\":\"1\"} -->\n<p class=\"has-big-font-size\">Veronika Cummings, \u201cEconomic Diversification and Empowerment of Local Human Resources: Could Singapore be a Template for the GCC Countries?\u201d, in: Mishrif, A. &amp; Y. Hamad (eds.),  <em>Economic Diversification in the Gulf Region. Comparing Global Challenges <\/em>, London, Palgrave Macmillan, 2017, pp. 241-260.<\/p>\n<!-- \/wp:paragraph -->\n\n<!-- wp:paragraph {\"translatedWithWPMLTM\":\"1\"} -->\n<p class=\"has-big-font-size\">Sarah Albrecht, Tobias Boos, Veronika Deffner, Matthias Gebauer, and Shadia Husseini de Ara\u00fajo, \"Editorial: <a href=\"https:\/\/brill.com\/view\/journals\/jome\/5\/1\/article-p1_1.xml?language=en\">Conceptualizing 'Muslim Diaspora,'\"<\/a> <em>Journal of Muslims in Europe<\/em>, 5, 2016, pp. 1\u20139. DOI: 10.1163\/22117954-12341316<\/p>\n<!-- \/wp:paragraph -->\n\n<!-- wp:paragraph {\"translatedWithWPMLTM\":\"1\"} -->\n<p class=\"has-big-font-size\">Malte Steinbrink, Christoph Haferburg, Daniel Ehebrecht, and Veronika Deffner, \u201cMegaevents und Favelas \u0336 Strategische Interventionen und sozialr\u00e4umliche Effekte in Rio de Janeiro\u201d, <em>sub\\urban. <\/em><em>Journal for Critical Urban Research<\/em>, 3, 1, 2015, pp. 45-74.<\/p>\n<!-- \/wp:paragraph -->\n\n<!-- wp:paragraph {\"translatedWithWPMLTM\":\"1\"} -->\n<p class=\"has-big-font-size\">Veronika Deffner, \"Migrants from Asia and the Production of \u2018Globalized Cities\u2019 in the Arab Gulf Countries\", in: ASAN Institute for Policy Studies (ed.), <em>Globalization and the Ties that Bind: Korea and the Gulf<\/em>, ASAN Report, October 2015, pp. 51-67.<\/p>\n<!-- \/wp:paragraph -->\n\n<!-- wp:paragraph {\"translatedWithWPMLTM\":\"1\"} -->\n<p class=\"has-big-font-size\">Veronika Deffner and Carmella Pfaffenbach, \u201cMigration, modernization, and the urban immigration society in the Sultanate of Oman\u201d, <em>Middle East Insights<\/em>, 128, 2015. DOI: 10.23976\/INS.2015128<\/p>\n<!-- \/wp:paragraph -->\n\n<!-- wp:paragraph {\"translatedWithWPMLTM\":\"1\"} -->\n<p class=\"has-big-font-size\">Marike Bontenbal and Veronika Deffner, \u201cPlace attachment and sense of belonging in oasis villages in the capital area of Muscat\u201d, <em>TRIALOG<\/em>, 114\/3, 2015, pp. 16-20.<\/p>\n<!-- \/wp:paragraph -->\n\n<!-- wp:paragraph {\"translatedWithWPMLTM\":\"1\"} -->\n<p class=\"has-big-font-size\">Veronika Deffner and Carmella Pfaffenbach, \u201cUrban Spatial Practice of a Heterogeneous Immigration Society in Muscat, Oman\u201d, <em>TRIALOG<\/em>, 114\/3, 2015, pp. 9-15.<\/p>\n<!-- \/wp:paragraph -->\n\n<!-- wp:paragraph {\"translatedWithWPMLTM\":\"1\"} -->\n<p class=\"has-big-font-size\">Veronika Deffner, Christoph Haferburg and Patrick Sakdapolrak, '<a href=\"https:\/\/gh.copernicus.org\/articles\/69\/3\/2014\/\">Thinking Relationally, Reflecting on Inequalities \u2014 Bourdieu\u2019s Theory of Practice in German-Language Geographical Development Research. \u201cEditorial,\u201d <em>Geographica Helvetica<\/em> <\/a>, 69(1), 2014, pp. 3-6. doi.org\/10.5194\/gh-69-3-2014<\/p>\n<!-- \/wp:paragraph -->\n\n<!-- wp:paragraph {\"translatedWithWPMLTM\":\"1\"} -->\n<p class=\"has-big-font-size\">Veronika Deffner and Christoph Haferburg, <a href=\"https:\/\/gh.copernicus.org\/articles\/69\/7\/2014\/\">\u201cBourdieu's Theory of Practice as an Alternative Perspective for Geographical Development Research\u201d, <\/a><em>Geographica Helvetica,<\/em> 69(1), 2014, pp. 13-25. doi:10.5194\/gh-69-7-2014<\/p>\n<!-- \/wp:paragraph -->\n\n<!-- wp:paragraph {\"translatedWithWPMLTM\":\"1\"} -->\n<p class=\"has-big-font-size\">Veronika Deffner and Christoph Haferburg, \u201cPierre Bourdieu: Habitus und Habitat als Verh\u00e4ltnis von Subjekt, Sozialem und Macht\u201d, in: O\u00dfenbr\u00fcgge, J. &amp; A. Vogelpohl (eds.),  <em>Theories in spatial and urban research. Introductions <\/em>, M\u00fcnster, Westf\u00e4lisches Dampfboot, 2014, pp. 328-347.<\/p>\n<!-- \/wp:paragraph -->\n\n<!-- wp:paragraph {\"translatedWithWPMLTM\":\"1\"} -->\n<p class=\"has-big-font-size\">Veronika Deffner, \u201cGelebte Translokalit\u00e4t von indischen Studierenden in Aachen\u201d, <em>Geographische Rundschau,<\/em> 66(11), 2014, pp.18-23.<\/p>\n<!-- \/wp:paragraph -->\n\n<!-- wp:paragraph {\"translatedWithWPMLTM\":\"1\"} -->\n<p class=\"has-big-font-size\">Veronika Deffner and Carmella Pfaffenbach, \u201cArbeidsmigratie vormt nu bedreiging: Oman investeert in nationaal human capital\u201d, <em>Geography, <\/em>2 (23), 2014, pp.12-14.<\/p>\n<!-- \/wp:paragraph -->\n\n<!-- wp:paragraph {\"translatedWithWPMLTM\":\"1\"} -->\n<p class=\"has-big-font-size\">Veronika Deffner, \u201cThe Indian Diaspora in Muscat\u201d, in: S. I. Rajan (ed.), <em>India Migration Report 2013: Diaspora and Development<\/em>, London\/New York\/New Delhi, Routledge, pp.181-192.<\/p>\n<!-- \/wp:paragraph -->\n\n<!-- wp:paragraph {\"translatedWithWPMLTM\":\"1\"} -->\n<p class=\"has-big-font-size\">Veronika Deffner, \"\u2018Favelas are not bad places to live\u2019. New ways of expressing resistance\", In: Tschorn, L., T. Schmitt, &amp; S. Husseini de Ara\u00fajo (eds.), <em>Widerst\u00e4ndigkeiten im Land der Zukunft<\/em>. A different Brazil book, M\u00fcnster, Unrast, 2014, pp.231-244.  <\/p>\n<!-- \/wp:paragraph -->\n\n<!-- wp:paragraph {\"translatedWithWPMLTM\":\"1\"} -->\n<p class=\"has-big-font-size\">Veronika Deffner and Carmella Pfaffenbach, <a href=\"https:\/\/rur.oekom.de\/index.php\/rur\/article\/view\/726\">\u201cTemporary Integration for a Life in Transition: Social and Political Dealing with the Challenges of a Segmented Urban Migration Society in Muscat (Oman)\u201d, <em>Raumforschung und Raumordnung<\/em>, 71(3<\/a>), 2013, pp.233-245. doi.org\/10.1007\/s13147-013-0224-0 <\/p>\n<!-- \/wp:paragraph -->\n\n<!-- wp:paragraph {\"translatedWithWPMLTM\":\"1\"} -->\n<p class=\"has-big-font-size\">Veronika Deffner and Christoph Haferburg, \u201cRaum, Stadt und Machtverh\u00e4ltnisse. Human Geographical Confrontations with Bourdieu\u201d, <em>Geographische Zeitschrift,<\/em> 2012, pp.164-180. <\/p>\n<!-- \/wp:paragraph -->\n\n<!-- wp:paragraph {\"translatedWithWPMLTM\":\"1\"} -->\n<p class=\"has-big-font-size\">Veronika Deffner, \"Experiencing and Understanding the \u2018Other\u2019\", in: Pfaffenbach, C., P. Reuber &amp; A. Mattissek, (eds.), <em>Methoden der Humangeographie<\/em>, Braunschweig, Westermann, 2013, pp.155-157.<\/p>\n<!-- \/wp:paragraph -->\n\n<!-- wp:paragraph {\"translatedWithWPMLTM\":\"1\"} -->\n<p class=\"has-big-font-size\">Veronika Deffner, \u201cNeighborhoods as social spaces. Sozialgeographische Reflexionen\u201d, in: Deffner, V. &amp; U. Meisel, (eds.), <em>Sozialwissenschaftliche, \u00f6konomische und st\u00e4dtebaulich-architektonische Perspektiven<\/em>, Essen, Klartext, 2013, pp.83-98. <\/p>\n<!-- \/wp:paragraph -->\n\n<!-- wp:paragraph {\"translatedWithWPMLTM\":\"1\"} -->\n<p class=\"has-big-font-size\">Veronika Deffner and Ulli Meisel, \u201cQuartiere in der Stadt: eine Einordnung theoretischer und praktischer Zug\u00e4nge\u201d, in: Deffner, V. &amp; U. Meisel, (eds.), <em>Sozialwissenschaftliche, \u00f6konomische und st\u00e4dtebaulich-architektonische Perspektiven<\/em>, Essen, Klartext. 2013, pp.7-16. <\/p>\n<!-- \/wp:paragraph -->\n\n<!-- wp:paragraph {\"translatedWithWPMLTM\":\"1\"} -->\n<p class=\"has-big-font-size\">Veronika Deffner, \u201cSecond class citizens\u201d, <em>D+C Development and Cooperation. <\/em><em>International Journal<\/em>, Vol. 38(3), 2011, pp.110-112. <\/p>\n<!-- \/wp:paragraph -->\n\n<!-- wp:paragraph {\"translatedWithWPMLTM\":\"1\"} -->\n<p class=\"has-big-font-size\">Veronika Deffner, \u201cHenri Lefebvre\u201d, in: Middell, M. &amp; U. Engel, (eds.), <em>Theoretiker zur Globalisierung<\/em>, Leipzig, Universit\u00e4tsverlag, 2010, pp. 307-322.<\/p>\n<!-- \/wp:paragraph -->\n\n<!-- wp:paragraph {\"translatedWithWPMLTM\":\"1\"} -->\n<p class=\"has-big-font-size\">Veronika Deffner' 'Geografia da Desigualdade Social. Uma perspectiva de geografia urbana cr\u00edtica apresentada a partir do exemplo da produ\u00e7\u00e3o social da favela em Salvador-BA', <em>GeoTextos<\/em>, Vol.  6(2), 2010. pp.115-137. DOI: http:\/\/dx.doi.org\/10.9771\/1984-5537geo.v6i2.4833 <\/p>\n<!-- \/wp:paragraph -->\n\n<!-- wp:paragraph {\"translatedWithWPMLTM\":\"1\"} -->\n<p class=\"has-big-font-size\">Veronika Deffner, \"Voices from the Favela. Naturalization of social inequality \u2018from below\u2019 in Brazil's cities\", in: E. Rothfuss (ed.), <em>Entwicklungskontraste in den Americas,<\/em> Passauer Kontaktstudium Erdkunde, 9, Passau, 2008, pp.27-49. <\/p>\n<!-- \/wp:paragraph -->\n\n<!-- wp:paragraph {\"translatedWithWPMLTM\":\"1\"} -->\n<p class=\"has-big-font-size\">Veronika Deffner and Eberhard Rothfu\u00df, \"Reservas naturais e desenvolvimento regional sustent\u00e1vel: o exemplo do parque nacional da Floresta da Baviera na Alemanha (\u2018Bavarian Forest\u2019)\", <em>GeoTextos<\/em>, Vol. 3(2), 2007, pp.117-137. DOI: 10.9771\/1984-5537geo.v.3i0.3048  <\/p>\n<!-- \/wp:paragraph -->\n\n<!-- wp:paragraph {\"translatedWithWPMLTM\":\"1\"} -->\n<p class=\"has-big-font-size\">Veronika Deffner, \"Social Vulnerability in the \u2018Risk Space Favela\u2019. An analysis of social space based on Bourdieu's \u2018theory of practice\u2019\", in: Wehrhahn, R., (ed.): <em>Risiko und Vulnerabilit\u00e4t in Lateinamerika,<\/em> Kieler geographische Schriften, 117. Kiel, 2007, pp. 207-232.  <\/p>\n<!-- \/wp:paragraph -->\n\n<!-- wp:paragraph {\"translatedWithWPMLTM\":\"1\"} -->\n<p class=\"has-big-font-size\">Eberhard Rothfu\u00df and Veronika Deffner, \u201cInformal Urban Sector: Unsecured Economy of the Majority in Latin America, Africa and Asia\u201d, in: Rothfu\u00df, E. &amp; D. B\u00f6hn, (eds.), <em>Handbook of Geography Education, Developing Countries<\/em>, 8\/1. Cologne, 2007, pp.210-218. <\/p>\n<!-- \/wp:paragraph -->\n\n<!-- wp:paragraph {\"translatedWithWPMLTM\":\"1\"} -->\n<p class=\"has-big-font-size\">Veronika Deffner and Ernst Struck, \u201cLateinamerikas St\u00e4dte im Wandel: Geographische Stadtforschung zu Lateinamerika im deutschsprachigen Raum seit 2000. Themen, Trends und kritische Analyse\u201d, in: Rothfu\u00df, E. &amp; W. Gamerith (eds.), <em>Stadtwelten in den Americas, <\/em>Passauer Schriften zur Geographie, 23. Passau, 2007, pp.13-36. <\/p>\n<!-- \/wp:paragraph -->\n\n<!-- wp:paragraph {\"translatedWithWPMLTM\":\"1\"} -->\n<p class=\"has-big-font-size\">Veronika Deffner, \u201cLifeworld of an inner-city marginal neighborhood in Salvador da Bahia (Brazil) \u0336 Dealing with social and spatial exclusion from the perspective of poor population groups\u201d, <em>Geographica Helvetica<\/em>, 61(1), 2006, pp.21-31. DOI: 10.5194\/gh-61-21-2006<\/p>\n<!-- \/wp:paragraph -->\n\n<!-- wp:paragraph {\"translatedWithWPMLTM\":\"1\"} -->\n<p class=\"has-big-font-size\">Veronika Deffner, \u201cA theory-directed problem analysis in the sector of urban water management in developing countries. Results of a socio-geographical case study in the town of Mahajanga\/Madagascar\u201d, in: M. Schmitz (ed.), <em>Water and Sustainable Development. <\/em><em>Schriften zur Internationalen Entwicklungs- und Umweltforschung<\/em>, 13, Gie\u00dfen, 2005, pp.149-168. DOI: https:\/\/doi.org\/10.3726\/978-3-653-02074-8  <\/p>\n<!-- \/wp:paragraph -->\n<!-- \/wp:jgu\/accordion-item -->\n<!-- \/wp:jgu\/accordion -->\n\n<!-- wp:paragraph -->\n<p class=\"has-big-font-size\"><\/p>\n<!-- \/wp:paragraph -->\n\n<!-- wp:spacer -->\n<div style=\"height:90px\" aria-hidden=\"true\" class=\"wp-block-spacer\"><\/div>\n<!-- \/wp:spacer -->\n\n<!-- wp:jgu\/heading {\"tags\":{\"htmlTag\":\"h2\",\"classTag\":\"\",\"tag\":\"h2\"},\"heading\":\"Academic service\"} \/-->\n\n<!-- wp:jgu\/accordion {\"selected\":2} -->\n<!-- wp:jgu\/accordion-item {\"title\":\"Editorial Work\",\"init\":false,\"slug\":\"herausgeberschaften\"} -->\n<!-- wp:paragraph {\"translatedWithWPMLTM\":\"1\"} -->\n<p class=\"has-big-font-size\">Editorial Board Member<a href=\"https:\/\/www.die-erde.org\/index.php\/die-erde\">\"Die ERDE<\/a>\", Journal of the Geographical Society of Berlin<\/p>\n<!-- \/wp:paragraph -->\n\n<!-- wp:paragraph {\"translatedWithWPMLTM\":\"1\"} -->\n<p class=\"has-big-font-size\">Editor of the book series<a href=\"https:\/\/www.springer.com\/series\/16066\/editors\">\"Perspektiven der Humangeographie<\/a>\" (Springer Verlag)<\/p>\n<!-- \/wp:paragraph -->\n\n<!-- wp:paragraph {\"translatedWithWPMLTM\":\"1\"} -->\n<p class=\"has-big-font-size\">Editor \"Media Geography Mainz\" (University of Mainz)<\/p>\n<!-- \/wp:paragraph -->\n<!-- \/wp:jgu\/accordion-item -->\n\n<!-- wp:jgu\/accordion-item {\"title\":\"Academic service\",\"init\":false,\"slug\":\"akademische-funktionen\"} -->\n<!-- wp:paragraph -->\n<p class=\"has-big-font-size\"><\/p>\n<!-- \/wp:paragraph -->\n\n<!-- wp:paragraph {\"translatedWithWPMLTM\":\"1\"} -->\n<p class=\"has-big-font-size\">Associate Dean for Learning and Teaching, Faculty 09 (Chemistry, Pharmaceutical Sciences, Geography, and Earth Sciences)<\/p>\n<!-- \/wp:paragraph -->\n\n<!-- wp:paragraph {\"translatedWithWPMLTM\":\"1\"} -->\n<p class=\"has-big-font-size\">Managing Director of the Institute of Geography, JGU Mainz<\/p>\n<!-- \/wp:paragraph -->\n\n<!-- wp:paragraph {\"translatedWithWPMLTM\":\"1\"} -->\n<p class=\"has-big-font-size\">Spokesperson of the <a href=\"https:\/\/forthem.uni-mainz.de\/labs\/\">FORTHEM Lab \"Migration and Diversity\"<\/a><\/p>\n<!-- \/wp:paragraph -->\n\n<!-- wp:paragraph {\"translatedWithWPMLTM\":\"1\"} -->\n<p class=\"has-big-font-size\">Chairperson of the Ethics Committee (FB 09) of JGU Mainz<\/p>\n<!-- \/wp:paragraph -->\n\n<!-- wp:paragraph {\"translatedWithWPMLTM\":\"1\"} -->\n<p class=\"has-big-font-size\">Member of the executive committee of the <a href=\"https:\/\/en.gshs.uni-mainz.de\/\"><em>Gutenberg Graduate School of the Humanities and Social Sciences<\/em><\/a><\/p>\n<!-- \/wp:paragraph -->\n\n<!-- wp:paragraph {\"translatedWithWPMLTM\":\"1\"} -->\n<p class=\"has-big-font-size\">Partner in the Mercator Science Fellowship Program<\/p>\n<!-- \/wp:paragraph -->\n\n<!-- wp:paragraph {\"translatedWithWPMLTM\":\"1\"} -->\n<p class=\"has-big-font-size\">Chair of the Examination Board MA <em>Human Geography: Globalization, Media and Culture<\/em>.<\/p>\n<!-- \/wp:paragraph -->\n\n<!-- wp:paragraph -->\n<p class=\"has-big-font-size\"><\/p>\n<!-- \/wp:paragraph -->\n<!-- \/wp:jgu\/accordion-item -->\n\n<!-- wp:jgu\/accordion-item {\"title\":\"Memberships\",\"init\":false,\"slug\":\"memberships\"} -->\n<!-- wp:paragraph -->\n<p class=\"has-big-font-size\">Middle East Studies Association (MESA)<\/p>\n<!-- \/wp:paragraph -->\n\n<!-- wp:paragraph {\"translatedWithWPMLTM\":\"1\"} -->\n<p class=\"has-big-font-size\">German-Omani Society (DOG)<\/p>\n<!-- \/wp:paragraph -->\n\n<!-- wp:paragraph {\"translatedWithWPMLTM\":\"1\"} -->\n<p class=\"has-big-font-size\">German Working Group for the Middle East (DAVO)<\/p>\n<!-- \/wp:paragraph -->\n\n<!-- wp:paragraph {\"translatedWithWPMLTM\":\"1\"} -->\n<p class=\"has-big-font-size\">Geographical Working Group on Development Theories (GAE) of the VGDH<\/p>\n<!-- \/wp:paragraph -->\n\n<!-- wp:paragraph {\"translatedWithWPMLTM\":\"1\"} -->\n<p class=\"has-big-font-size\">AK Geography and Theory of Society (Co-Speaker)<\/p>\n<!-- \/wp:paragraph -->\n<!-- \/wp:jgu\/accordion-item -->\n<!-- \/wp:jgu\/accordion --><\/div>\n<!-- \/wp:column -->\n\n<!-- wp:column -->\n<div class=\"wp-block-column\"><!-- wp:columns {\"className\":\"\"} -->\n<div class=\"wp-block-columns\"><!-- wp:column -->\n<div class=\"wp-block-column\"><!-- wp:jgu\/image {\"image\":{\"url\":null,\"id\":9241}} \/-->\n\n<!-- wp:jgu\/image {\"image\":{\"url\":null,\"id\":9375}} \/--><\/div>\n<!-- \/wp:column -->\n\n<!-- wp:column -->\n<div class=\"wp-block-column\"><!-- wp:jgu\/idm-person {\"id\":\"5045\",\"name\":\"Veronika Cummings\",\"link\":\"false\",\"organizationId\":963,\"roleId\":13,\"skipDetails\":[\"portrait\"]} \/-->\n\n<!-- wp:paragraph {\"translatedWithWPMLTM\":\"1\"} -->\n<p class=\"has-big-font-size\">Consultation hour:<br\/><strong>By appointment via email<\/strong><\/p>\n<!-- \/wp:paragraph --><\/div>\n<!-- \/wp:column --><\/div>\n<!-- \/wp:columns --><\/div>\n<!-- \/wp:column --><\/div>\n<!-- \/wp:columns --><!-- wp:spacer {\"height\":\"444px\"} -->\n<div style=\"height:444px\" aria-hidden=\"true\" class=\"wp-block-spacer\"><\/div>\n<!-- \/wp:spacer -->","_links":{"self":[{"href":"https:\/\/www.humangeographie.uni-mainz.de\/en\/wp-json\/wp\/v2\/pages\/10580","targetHints":{"allow":["GET"]}}],"collection":[{"href":"https:\/\/www.humangeographie.uni-mainz.de\/en\/wp-json\/wp\/v2\/pages"}],"about":[{"href":"https:\/\/www.humangeographie.uni-mainz.de\/en\/wp-json\/wp\/v2\/types\/page"}],"author":[{"embeddable":true,"href":"https:\/\/www.humangeographie.uni-mainz.de\/en\/wp-json\/wp\/v2\/users\/484"}],"replies":[{"embeddable":true,"href":"https:\/\/www.humangeographie.uni-mainz.de\/en\/wp-json\/wp\/v2\/comments?post=10580"}],"version-history":[{"count":15,"href":"https:\/\/www.humangeographie.uni-mainz.de\/en\/wp-json\/wp\/v2\/pages\/10580\/revisions"}],"predecessor-version":[{"id":12465,"href":"https:\/\/www.humangeographie.uni-mainz.de\/en\/wp-json\/wp\/v2\/pages\/10580\/revisions\/12465"}],"wp:attachment":[{"href":"https:\/\/www.humangeographie.uni-mainz.de\/en\/wp-json\/wp\/v2\/media?parent=10580"}],"wp:term":[{"taxonomy":"category","embeddable":true,"href":"https:\/\/www.humangeographie.uni-mainz.de\/en\/wp-json\/wp\/v2\/categories?post=10580"},{"taxonomy":"post_tag","embeddable":true,"href":"https:\/\/www.humangeographie.uni-mainz.de\/en\/wp-json\/wp\/v2\/tags?post=10580"}],"curies":[{"name":"wp","href":"https:\/\/api.w.org\/{rel}","templated":true}]}}