{"id":10488,"date":"2025-01-26T14:09:29","date_gmt":"2025-01-26T13:09:29","guid":{"rendered":"https:\/\/www.humangeographie.uni-mainz.de\/?page_id=10488"},"modified":"2026-02-23T16:25:18","modified_gmt":"2026-02-23T15:25:18","slug":"elisabeth-sommerlad","status":"publish","type":"page","link":"https:\/\/www.humangeographie.uni-mainz.de\/en\/elisabeth-sommerlad\/","title":{"rendered":"Elisabeth Sommerlad"},"content":{"rendered":"\n<div class=\"wp-block-columns is-layout-flex wp-container-core-columns-is-layout-9d6595d7 wp-block-columns-is-layout-flex\">\n<div class=\"wp-block-column is-layout-flow wp-block-column-is-layout-flow\"><jgu-base-heading react-props=\"{\n    &quot;index&quot;: &quot;Dr. phil.&quot;,\n    &quot;tags&quot;: {\n        &quot;htmlTag&quot;: &quot;h2&quot;,\n        &quot;classTag&quot;: &quot;&quot;,\n        &quot;tag&quot;: &quot;h2&quot;\n    },\n    &quot;heading&quot;: &quot;Elisabeth Sommerlad&quot;,\n    &quot;textAlign&quot;: &quot;left&quot;,\n    &quot;anchor&quot;: &quot;&quot;,\n    &quot;color&quot;: &quot;red&quot;\n}\"><\/jgu-base-heading>\n\n\n\n<p class=\"has-big-font-size\"><strong>Research assistant<\/strong> <strong>| Postdoctoral researcher<\/strong><\/p>\n\n\n\n<p class=\"has-big-font-size\">I am a research assistant (post-doc since 2019) in the Human Geography working group. From 2023-2024 I was a substitute professor for tourism geography at the University of Trier. After my diploma studies in Geography, Sociology and Communication Studies, I obtained a doctorate (from.) with a doctoral degree in Cultural Geography at JGU Mainz in 2019. In my doctoral dissertation, I examined the construction and staging of intercultural encounters in cinematic New York City.   <\/p>\n\n\n\n<p class=\"has-big-font-size\">In my research and teaching, I work at the interface of social-geographical urban research, critical sustainability and transformation research, theoretically reflected tourism geography and Media Geography. I am particularly interested in the complex interactions between space, society and media contexts. My research is characterized by interdisciplinary and critically reflective perspectives.  <\/p>\n\n\n<jgu-base-accordion react-props=\"{&quot;selected&quot;:5,&quot;align&quot;:&quot;wide&quot;,&quot;hasAllOpenButton&quot;:true,&quot;onlyOne&quot;:false,&quot;initAllClosed&quot;:true,&quot;enableSearch&quot;:false}\">\n    \n<jgu-base-accordionitem react-props=\"{&quot;title&quot;:&quot;Research&quot;,&quot;init&quot;:false,&quot;slug&quot;:&quot;forschung&quot;,&quot;align&quot;:&quot;wide&quot;,&quot;customSlug&quot;:false}\">\n    \n\n<p class=\"has-big-font-size\">My current research is situated at the intersection of three interwoven thematic fields. My empirical research experience includes work in the Indian Ocean (Mauritius), the United Arab Emirates (Dubai), North America (USA, Eastern Canada) and Germany. Methodologically, I rely on qualitative social and media science approaches, including ethnographic, reflexive, digital and creative methods.    <\/p>\n\n\n<jgu-base-image react-props=\"{\n    &quot;image&quot;: {\n        &quot;url&quot;: &quot;https:\\\/\\\/cms.zdv.uni-mainz.de\\\/fb09humangeographie\\\/wp-content\\\/uploads\\\/sites\\\/439\\\/2025\\\/05\\\/Moka-MUral.jpg&quot;,\n        &quot;id&quot;: 9876,\n        &quot;title&quot;: &quot;Moka MUral&quot;,\n        &quot;width&quot;: 1772,\n        &quot;height&quot;: 428,\n        &quot;srcset&quot;: &quot;https:\\\/\\\/cms.zdv.uni-mainz.de\\\/fb09humangeographie\\\/wp-content\\\/uploads\\\/sites\\\/439\\\/2025\\\/05\\\/Moka-MUral.jpg 1772w, https:\\\/\\\/cms.zdv.uni-mainz.de\\\/fb09humangeographie\\\/wp-content\\\/uploads\\\/sites\\\/439\\\/2025\\\/05\\\/Moka-MUral-300x72.jpg 300w, https:\\\/\\\/cms.zdv.uni-mainz.de\\\/fb09humangeographie\\\/wp-content\\\/uploads\\\/sites\\\/439\\\/2025\\\/05\\\/Moka-MUral-1024x247.jpg 1024w, https:\\\/\\\/cms.zdv.uni-mainz.de\\\/fb09humangeographie\\\/wp-content\\\/uploads\\\/sites\\\/439\\\/2025\\\/05\\\/Moka-MUral-768x185.jpg 768w, https:\\\/\\\/cms.zdv.uni-mainz.de\\\/fb09humangeographie\\\/wp-content\\\/uploads\\\/sites\\\/439\\\/2025\\\/05\\\/Moka-MUral-1536x371.jpg 1536w&quot;\n    },\n    &quot;caption&quot;: &quot;Mural in Moka, Mauritius (E. Sommerlad 2023)&quot;,\n    &quot;align&quot;: &quot;&quot;,\n    &quot;hasLightbox&quot;: false,\n    &quot;imgWidth&quot;: 0,\n    &quot;link&quot;: {\n        &quot;url&quot;: &quot;&quot;,\n        &quot;target&quot;: &quot;&quot;,\n        &quot;rel&quot;: &quot;&quot;\n    }\n}\" class=\"align-\">\n    \n<\/jgu-base-image>\n\n\n<p class=\"has-big-font-size\">1) <strong>Sustainability utopias and urban futures: <\/strong>Embedded in joint research with Prof. Dr. Veronika Cummings on sustainability utopias and topologies of urban futures in the Indian Ocean region, I am looking at smart cities in Mauritius. These spatial settings, which are primarily created as a strategy of economic diversification on fallow sugar cane land and in coastal regions, are marketed as sustainable visions of the future for the island. From a critical-reflexive perspective, I explore the question of how ideas and dimensions of socio-ecological transformation are negotiated and imagined here. I also question colonialities anchored in <em>place making <\/em>.   <\/p>\n\n\n\n<hr class=\"wp-block-separator has-alpha-channel-opacity\" id=\"block-ede4c98e-6942-44cb-8b64-c4ffeb28ee3b\" \/>\n\n\n\n<hr class=\"wp-block-separator has-alpha-channel-opacity\" \/>\n\n\n\n<p class=\"has-big-font-size\">2) <strong>Media-geographical perspectives on everyday lifeworlds: <\/strong>I am interested in how audiovisual and digital items shape and transform everyday spaces<em>(digital place making<\/em>). In this context, I am researching media and film tourism and the question of how media imaginations shape and transform places and spatial identities. I also work (together with Prof. Dr. Veronika Cummings and Paul Hummer M.A.) on the potentials and ethical challenges of creative, audiovisual formats as a method and communication medium in and for geographical research. In connection with my research on urban futures, I am working on another project (together with <a href=\"https:\/\/film-medien.ftmk.uni-mainz.de\/dr-roman-mauer\/\">Dr. Roman Mauer<\/a>, Film Studies) on the re-mapping of urban futures at the interface of film and the everyday world &#8211; we are offering an <a href=\"https:\/\/www.glk.uni-mainz.de\/neue-perspektiven-der-filmkartographie-digitale-mental-maps-und-subjektive-karten-filmischer-stadt-utopien-in-kritischer-reflexion\/\">innovative teaching project<\/a> on this in the summer semester, which is funded by the Gutenberg Teaching College.   <\/p>\n\n\n\n<hr class=\"wp-block-separator has-alpha-channel-opacity\" \/>\n\n\n\n<p class=\"has-big-font-size\">3) <strong>Theoretically reflected tourism geography:<\/strong> Inspired by my post- and decolonial research contexts, in which processes and practices of touristification often play a role, I am interested in a heterodox, reflexive examination of the complex connections between tourism and society. I understand tourism as part of a global, space-shaping (im)mobility system that is interwoven with multi-layered spatial dynamics around questions of mobility, power and justice.  <\/p>\n\n\n<\/jgu-base-accordionitem>\n\n<jgu-base-accordionitem react-props=\"{&quot;title&quot;:&quot;Outreach&quot;,&quot;init&quot;:false,&quot;slug&quot;:&quot;outreach&quot;,&quot;align&quot;:&quot;wide&quot;,&quot;customSlug&quot;:false}\">\n    \n\n<ul class=\"wp-block-list\">\n<li>Munich City Museum (2025): Podcast &#8220;Time Loops&#8221; &#8211; <em>Wiesn Rewind<\/em>. Season 2, episode 5:  <a href=\"https:\/\/zeitschleifen.podigee.io\/s2e5-neue-episode#t=0\">Greetings from the Oktoberfest! From the postcard to the social media post<\/a>.  <\/li>\n\n\n\n<li>Current post on the topic <a href=\"https:\/\/www.instagram.com\/reel\/DPL6FePjY4V\/\" data-type=\"link\" data-id=\"https:\/\/www.instagram.com\/reel\/DPL6FePjY4V\/\">&#8220;What do vacation pictures have to do with colonialism?&#8221;<\/a> on the Instagram page of JGU Mainz  <\/li>\n<\/ul>\n\n\n\n<p class=\"has-big-font-size\"><\/p>\n\n\n<\/jgu-base-accordionitem>\n\n<jgu-base-accordionitem react-props=\"{&quot;title&quot;:&quot;Publications&quot;,&quot;init&quot;:false,&quot;slug&quot;:&quot;publikationen&quot;,&quot;align&quot;:&quot;wide&quot;,&quot;customSlug&quot;:false}\">\n    \n\n<p class=\"has-big-font-size\"><strong>Current (since 2022)  <\/strong><\/p>\n\n\n\n<p class=\"has-big-font-size\"><\/p>\n\n\n\n<ul class=\"wp-block-list\">\n<li>Hummel, P., <strong>E. Sommerlad<\/strong> &amp; V. Cummings (forthcoming): <a href=\"https:\/\/www.tandfonline.com\/doi\/epdf\/10.1080\/24694452.2026.2623951?needAccess=true\">Doing Reel Geographies: Situating Responsibilities and the (In)Visibility of Migration through Short Vertical Films<\/a>. In: <em>Annals of the American Association of Geographers.<\/em> <a href=\"https:\/\/doi.org\/10.1080\/24694452.2026.2623951\">https:\/\/doi.org\/10.1080\/24694452.2026.2623951<\/a> <\/li>\n\n\n\n<li><strong>Sommerlad, E.<\/strong> (forthcoming): Post\/Colonial Paradise: Reflections on cross-media paradise myths using the example of Mauritius. In:  <em>IMAGE. Journal for interdisciplinary image science <\/em>  43(1).<\/li>\n\n\n\n<li><strong>Sommerlad, E.<\/strong> (forthcoming): Film geography. In: Thielmann, T. &amp; M. Kanderske (eds.): <em>Handbuch Medien Geography<\/em>. Baden-Baden. Nomos.   <\/li>\n\n\n\n<li><strong>Sommerlad, E.<\/strong> &amp; R. Mauer (2025): <a href=\"https:\/\/link.springer.com\/chapter\/10.1007\/978-3-658-48233-6_17\">Panoramas of the future: film cartographic views of cities in science fiction film and Gulf futurism.<\/a> In: Ullmaier, J., R. Mauer &amp; C. W\u00f6rsd\u00f6rfer (eds.): Phenomena of the Panoramic. Wiesbaden. Springer: 491-535.<\/li>\n\n\n\n<li>Hartal, G., <strong>E. Sommerlad<\/strong>, A. Moreno &amp; Y. David (forthcoming): Pride as Space of Encounter in Ordinary Cities: Observations from Pride Parades in Mainz (Germany) and Ashdod (Israel). In: Meier, L. (ed.): <em>International Handbook of Urban Sociology<\/em>. London. Routledge.   <\/li>\n<\/ul>\n\n\n\n<ul class=\"wp-block-list\">\n<li><strong>Sommerlad,<\/strong> E. &amp; P. Hummel (2025): Researching with moving images: perspectives on an applied film geography. In: Bauer, L., K. Beurskens, J. Dobrusskin, N. K\u00fcttel, J. Miggelbrink, A.-L- M\u00fcller &amp; E. N\u00f6then (eds.): <a href=\"https:\/\/www.dampfboot-verlag.de\/de\/buecher\/visualisierung-qualitativer-geographien\">Visualizing Qualitative Geographies: A Handbook<\/a>. M\u00fcnster: Westf\u00e4lisches Dampfboot: 123-131. <\/li>\n\n\n\n<li>Becklake, S., T: Freytag, G. Rainer, <strong>E. Sommerlad<\/strong> &amp; C. Steiner (2025):  <a href=\"https:\/\/biblioscout.net\/article\/99.140005\/gz202503019701\">Tourism is <em>not <\/em>an island. Retheorizing tourism geography <\/a>. Geographical Journal 113 (3): 197-205.  <\/li>\n\n\n\n<li><strong>Sommerlad, E. <\/strong>&amp; A. Jansson (2025): <a href=\"https:\/\/www.tandfonline.com\/doi\/full\/10.1080\/14702541.2025.2544917\">From representation to entanglement: 40 years of media geography<\/a>. Scottish Geographical Journal (online first).  https:\/\/doi.org\/10.1080\/14702541.2025.2544917<\/li>\n<\/ul>\n\n\n\n<ul class=\"wp-block-list\">\n<li><strong>Sommerlad, E. <\/strong>&amp; H. Rapp (2025): Introduction I &#8220;Reception Context, Space&#8221; &amp; Introduction II &#8220;On the Cusp between Sound and Silence&#8221;. In: Freitag, F., L M. M\u00fccke &amp; P. Niederm\u00fcller (eds.): Silence, Sounds, Music: Acoustic Dimensions of Immersion.  London: Routledge.<\/li>\n<\/ul>\n\n\n\n<ul class=\"wp-block-list\">\n<li><strong>Sommerlad, E. <\/strong>&amp; T. Reeh (2024): Media tourism in the Hunsr\u00fcck. Geographical Review 11: 44-49. <\/li>\n<\/ul>\n\n\n\n<ul class=\"wp-block-list\">\n<li><strong>Sommerlad, E.<\/strong> (2024): Agritourism in Mauritius. Geographical Review (7-8): 42-43. <\/li>\n<\/ul>\n\n\n\n<ul class=\"wp-block-list\">\n<li>Plien, M. &amp; <strong>E. Sommerlad<\/strong> (2024): (Self-)reflections with Film: Transformative education on screen. In: Plien, M. (ed.): Designing sustainability education trans-formatively. Scientific, subject didactics and practical teaching approaches from geography. Mainz: 88-113.   <\/li>\n<\/ul>\n\n\n\n<ul class=\"wp-block-list\">\n<li>Hummel P., <strong>Sommerlad, E. <\/strong>&amp; J. Zschocke (2024): Video Documentary. In: IfL Leipzig (ed.): Visqual Methodbox. Online: https:\/\/visqual.leibniz-ifl-projekte.de\/methodbox\/2024\/03\/21\/video-documentary\/.  <\/li>\n<\/ul>\n\n\n\n<ul class=\"wp-block-list\">\n<li><strong>Sommerlad, E. <\/strong>and R. Mauer (2022): <a href=\"http:\/\/www.blogs.uni-mainz.de\/fb09humangeography\/files\/2022\/06\/02_22-PERSPEKTIVE.pdf\">Film cartography: A field of research at the interface of film studies and geography.<\/a> In: MEDIENwissenschaft. Reviews | Reviews (02): 94-119. <\/li>\n<\/ul>\n\n\n\n<ul class=\"wp-block-list\">\n<li><strong>Sommerlad, S.<\/strong> (2022):  <a href=\"http:\/\/www.blogs.uni-mainz.de\/fb09humangeography\/files\/2022\/05\/Geojournal_Sommerlad.pdf\">Cinematic city of cultural coexistence? Perspectives on intercultural encounters in New York. <\/a>  In: GeoJournal Special Issue \u201cFilm Geography\u201d.  <em>Online.<\/em><\/li>\n<\/ul>\n\n\n\n<ul class=\"wp-block-list\">\n<li>Mauer, R. and E. Sommerlad (2022):  <a href=\"https:\/\/www.humangeographie.uni-mainz.de\/files\/2022\/05\/Die-Karte-im-Film.-Funktion-Materialitaet-und-Typologie-eines-raumgenerierenden-Mediums.pdf\">The Map in Film. Function, materiality and typology of a space-generating item. <\/a>  In: Bulgakova, O. and R. Mauer (Eds.): Things in Film. Silent monologue. Hidden memory. Wiesbaden: 259-284.  <\/li>\n<\/ul>\n\n\n\n<ul class=\"wp-block-list\">\n<li>Lukinbeal, C. and E. Sommerlad (2022): <a href=\"https:\/\/link.springer.com\/article\/10.1007\/s10708-022-10651-2\">Doing Film Geography<\/a>. In: GeoJournal Special Issue \u201cFilm Geography\u201d.  <em>online<\/em><\/li>\n<\/ul>\n\n\n<\/jgu-base-accordionitem>\n\n<jgu-base-accordionitem react-props=\"{&quot;title&quot;:&quot;Lectures&quot;,&quot;init&quot;:false,&quot;slug&quot;:&quot;lehre&quot;,&quot;align&quot;:&quot;wide&quot;,&quot;customSlug&quot;:false}\">\n    \n\n<p class=\"has-big-font-size\">Critical and differentiated thinking is at the core of my understanding of teaching. In the sense of a creative-research teaching approach, I combine theoretical-conceptual debates with practical examples in order to understand geographical issues and processes. I am delighted when participants take an active part in shaping the seminar. In my courses, I use creative and multimedia learning, teaching and communication methods (e.g. audiovisual essays, zines, podcasts). The equipment for this can be found in our<a href=\"https:\/\/www.geo.uni-mainz.de\/medialab\/\"> media lab<\/a>. I also like to incorporate places of learning outside the seminar room.     <\/p>\n\n\n\n<p class=\"has-big-font-size\"><strong>Summer<\/strong> <strong>2025<\/strong><\/p>\n\n\n\n<ul class=\"wp-block-list\">\n<li>M6\/7 MA: Audiovisual Essay &amp; Mental Mapping of Cinematic Urban Utopias | Cooperation event with Dr. Roman Mauer (Film Studies) | funded by the GLK as an <a href=\"https:\/\/www.glk.uni-mainz.de\/neue-perspektiven-der-filmkartographie-digitale-mental-maps-und-subjektive-karten-filmischer-stadt-utopien-in-kritischer-reflexion\/\">innovative teaching project<\/a><\/li>\n\n\n\n<li>M3 MA: Project Seminar: Media Geography<\/li>\n<\/ul>\n\n\n\n<p class=\"has-big-font-size\"><strong>Winter 2025\/26<\/strong><\/p>\n\n\n\n<ul class=\"wp-block-list\">\n<li>M3 MA: Theoretical Approaches to Media Geography<\/li>\n\n\n\n<li>M3 ED Field internship: Field trip in Germany with preparatory seminar Hunsr\u00fcck<\/li>\n\n\n\n<li>M2 Practice class: Human Geography I (Social Geographical Urban Research &#8211; Focus: The City as a Meeting Space)<strong> <\/strong><\/li>\n<\/ul>\n\n\n\n<p class=\"has-big-font-size\"><strong>Summer 2026<\/strong><\/p>\n\n\n\n<ul class=\"wp-block-list\">\n<li>M3 MA: Project Seminar: Media Geography<\/li>\n<\/ul>\n\n\n<\/jgu-base-accordionitem>\n\n<jgu-base-accordionitem react-props=\"{&quot;title&quot;:&quot;Theses &quot;,&quot;init&quot;:false,&quot;slug&quot;:&quot;abschlussarbeiten&quot;,&quot;align&quot;:&quot;wide&quot;,&quot;customSlug&quot;:false}\">\n    \n\n<p class=\"has-big-font-size\">If you would like to write your human geography final thesis (bachelor&#8217;s and master&#8217;s degree) with me, please contact me with a first idea sketch (title proposal and short abstract, ~200 words).<\/p>\n\n\n\n<hr class=\"wp-block-separator has-alpha-channel-opacity\" \/>\n\n\n\n<p class=\"has-big-font-size\"><strong>Ongoing final theses (working title)<\/strong><\/p>\n\n\n\n<ul class=\"wp-block-list\">\n<li>Uncovering Layers of Meaning at the Monument to the Discoveries in Lisbon<\/li>\n\n\n\n<li>Queer Performance as a form of activism. Drag, Art and Political Performances in the Rhine-Main Region.  (Film project)<\/li>\n\n\n\n<li>Aging in the City. Place Making of Elderly Female Residents in Frankfurt am Main. <\/li>\n<\/ul>\n\n\n<\/jgu-base-accordionitem>\n\n<jgu-base-accordionitem react-props=\"{&quot;title&quot;:&quot;Academic functions and memberships&quot;,&quot;init&quot;:false,&quot;slug&quot;:&quot;akademische-funktionen-und-mitgliedschaften&quot;,&quot;align&quot;:&quot;wide&quot;,&quot;customSlug&quot;:false}\">\n    \n\n<p class=\"has-big-font-size\"><\/p>\n\n\n\n<p class=\"has-big-font-size\"><strong>Edited Volumes<\/strong><\/p>\n\n\n\n<ul class=\"wp-block-list\">\n<li>Co-Editor of the book series <em>Media Geography at Mainz <\/em><a href=\"https:\/\/www.steiner-verlag.de\/en\/series\/1867-318X\">(Steiner Verlag<\/a>)<\/li>\n<\/ul>\n\n\n\n<p class=\"has-big-font-size\"><\/p>\n\n\n\n<p class=\"has-big-font-size\"><strong>Functions<\/strong><\/p>\n\n\n\n<ul class=\"wp-block-list\">\n<li>Assistant to the management of the Institute of Geography<\/li>\n<\/ul>\n\n\n\n<ul class=\"wp-block-list\">\n<li>Program Director and Academic Advisor of the MA degree program <em><a href=\"https:\/\/www.studium.uni-mainz.de\/studienwahl\/studienangebot\/human-geography_ma\/\">Human Geography: Globalization, Media, and Culture<\/a>, <\/em>Johannes Gutenberg University Mainz<\/li>\n<\/ul>\n\n\n\n<ul class=\"wp-block-list\">\n<li>Member of the scientific advisory council of the book series \u201cLandschaften in Deutschland\u201d (ed.: Institut f\u00fcr L\u00e4nderkunde Leipzig, S\u00e4chsische Akademie der Wissenschaften)<\/li>\n<\/ul>\n\n\n\n<ul class=\"wp-block-list\">\n<li>Member of the extended board of the Tourism Research Working Group (AKTF)<\/li>\n<\/ul>\n\n\n\n<p class=\"has-big-font-size\"><\/p>\n\n\n\n<p class=\"has-big-font-size\"><strong>Memberships<\/strong><\/p>\n\n\n\n<ul class=\"wp-block-list\">\n<li>Research-AG <em>Indian Ocean Confluences<\/em>, <a href=\"https:\/\/www.gff.uni-mainz.de\/\">Georg Forster Forum<\/a>, JGU<\/li>\n\n\n\n<li>Association of Geographers at German Higher Education Institutions (VGDH)<\/li>\n\n\n\n<li>American Association of Geographers (AAG) | Specialty Groups: Media &amp; Communication Geography; Recreation, Tourism &amp; Sports; Film &amp; Screening<\/li>\n\n\n\n<li><a href=\"https:\/\/www.ak-tourismusforschung.org\/\">AK Tourism Research<\/a> in the German Society for Geography e.V.<\/li>\n\n\n\n<li>AK Visual Geography<\/li>\n\n\n\n<li>Network <a href=\"https:\/\/www.filmgeographies.com\/\">FilmGeographies<\/a><\/li>\n<\/ul>\n\n\n\n<hr class=\"wp-block-separator has-alpha-channel-opacity\" \/>\n\n\n<\/jgu-base-accordionitem>\n\n<jgu-base-accordionitem react-props=\"{&quot;title&quot;:&quot;Presentations&quot;,&quot;init&quot;:false,&quot;slug&quot;:&quot;vortrage&quot;,&quot;align&quot;:&quot;wide&quot;,&quot;customSlug&quot;:false}\">\n    \n\n<p class=\"has-big-font-size\"><em>coming<\/em><\/p>\n\n\n\n<p class=\"has-big-font-size\">Sommerlad, E.:<em>&#8220;Rethinking Plantation Afterlives: Contesting Touristified Futures in Mauritius<\/em>&#8220;. Presentation at the POLLEN Conference, Barcelona (06\/2026). <\/p>\n\n\n\n<p class=\"has-big-font-size\"><strong>Sommerlad, E<\/strong>. &amp; P. Pombo:<em>&#8220;Reimagining the Plantation: Spatial Afterlives of Colonial Landscapes in Mauritius. <\/em>Presentation at the congress &#8220;Colonial and Postcolonial Landscapes &#8211; Architecture, Colonialism, Labor&#8221;, Lisbon\/Portugal (02\/2026). <\/p>\n\n\n\n<p class=\"has-big-font-size\"><\/p>\n\n\n\n<p class=\"has-big-font-size\"><em>recently held<\/em><\/p>\n\n\n\n<p class=\"has-big-font-size\">Plien M. &amp; <strong>E. Sommerlad<\/strong>:<em>&#8220;In Relationship with the World: Media Narratives of Hope and Connectedness in the Face of Climate Change&#8221;.<\/em> Paper presented at the conference New Cultural Geography, Augsburg.<\/p>\n\n\n\n<p class=\"has-big-font-size\"><strong>Sommerlad, E<\/strong>.:<em> \u201cOn the trail of\u201d HEIMAT \u201c: Filmgeographische Erkundungen und Medientourismus im Hunsr\u00fcck\u201d.<\/em> Lecture at the Geographical Society of Leipzig. <\/p>\n\n\n\n<p class=\"has-big-font-size\"><strong>Sommerlad, E.<\/strong> &amp; V. Cummings: <strong> <\/strong><em>\u201cFrom Sugar Cane to a\u201d Vibrant Urban Symphony \u201c: Transforming Urban Futures in Mauritius\u201d.<\/em> Presentation at the Geomedia Conference, Karlstad\/Sweden.<\/p>\n\n\n\n<p class=\"has-big-font-size\">Cummings, V. &amp; <strong>E. Sommerlad: <\/strong><em>\u201cTransforming Extinction into Passion: Caring for Neo-Natures in Dubai&#8217;s Aesthetics of Future-Making\u201d.<\/em> Presentation at the Geomedia Conference, Karlstad\/Sweden.<\/p>\n\n\n\n<p class=\"has-big-font-size\"><strong>Sommerlad, E.<\/strong>, M. Mie\u00dfner &amp; K. Heuwinkel: <em>&#8220;Perpetual ambivalences? Enzensberger&#8217;s &#8220;Theory of Tourism&#8221;. <\/em>Presentation at the conference of the AK Tourismusforschung &#8220;Umgang mit Ambivalenzen im Tourismus&#8221;, Freiburg.<\/p>\n\n\n\n<p class=\"has-big-font-size\"><strong>Sommerlad, E.<\/strong> &amp; A. Jansson: <em>\u201cFuture Trends in Media Geography\u201d.<\/em> Organization of a panel at the AAG 2025, Detroit\/USA. <\/p>\n\n\n\n<p class=\"has-big-font-size\"><\/p>\n\n\n<\/jgu-base-accordionitem>\n\n<\/jgu-base-accordion>\n<\/div>\n\n\n\n<div class=\"wp-block-column is-layout-flow wp-block-column-is-layout-flow\">\n<div class=\"wp-block-columns is-layout-flex wp-container-core-columns-is-layout-9d6595d7 wp-block-columns-is-layout-flex\">\n<div class=\"wp-block-column is-layout-flow wp-block-column-is-layout-flow\"><jgu-base-image react-props=\"{\n    &quot;image&quot;: {\n        &quot;url&quot;: null,\n        &quot;id&quot;: 9241\n    },\n    &quot;align&quot;: &quot;&quot;,\n    &quot;hasLightbox&quot;: false,\n    &quot;caption&quot;: &quot;&quot;,\n    &quot;imgWidth&quot;: 0,\n    &quot;link&quot;: {\n        &quot;url&quot;: &quot;&quot;,\n        &quot;target&quot;: &quot;&quot;,\n        &quot;rel&quot;: &quot;&quot;\n    }\n}\" class=\"align-\">\n    \n<\/jgu-base-image>\n\n<jgu-base-image react-props=\"{\n    &quot;image&quot;: {\n        &quot;url&quot;: &quot;https:\\\/\\\/cms.zdv.uni-mainz.de\\\/fb09humangeographie\\\/wp-content\\\/uploads\\\/sites\\\/439\\\/2025\\\/05\\\/WhatsApp-Image-2025-05-11-at-22.33.41.jpeg&quot;,\n        &quot;id&quot;: 9599,\n        &quot;title&quot;: &quot;WhatsApp Image 2025-05-11 at 22.33.41&quot;,\n        &quot;width&quot;: 1600,\n        &quot;height&quot;: 1600,\n        &quot;srcset&quot;: &quot;https:\\\/\\\/cms.zdv.uni-mainz.de\\\/fb09humangeographie\\\/wp-content\\\/uploads\\\/sites\\\/439\\\/2025\\\/05\\\/WhatsApp-Image-2025-05-11-at-22.33.41.jpeg 1600w, https:\\\/\\\/cms.zdv.uni-mainz.de\\\/fb09humangeographie\\\/wp-content\\\/uploads\\\/sites\\\/439\\\/2025\\\/05\\\/WhatsApp-Image-2025-05-11-at-22.33.41-300x300.jpeg 300w, https:\\\/\\\/cms.zdv.uni-mainz.de\\\/fb09humangeographie\\\/wp-content\\\/uploads\\\/sites\\\/439\\\/2025\\\/05\\\/WhatsApp-Image-2025-05-11-at-22.33.41-1024x1024.jpeg 1024w, https:\\\/\\\/cms.zdv.uni-mainz.de\\\/fb09humangeographie\\\/wp-content\\\/uploads\\\/sites\\\/439\\\/2025\\\/05\\\/WhatsApp-Image-2025-05-11-at-22.33.41-150x150.jpeg 150w, https:\\\/\\\/cms.zdv.uni-mainz.de\\\/fb09humangeographie\\\/wp-content\\\/uploads\\\/sites\\\/439\\\/2025\\\/05\\\/WhatsApp-Image-2025-05-11-at-22.33.41-768x768.jpeg 768w, https:\\\/\\\/cms.zdv.uni-mainz.de\\\/fb09humangeographie\\\/wp-content\\\/uploads\\\/sites\\\/439\\\/2025\\\/05\\\/WhatsApp-Image-2025-05-11-at-22.33.41-1536x1536.jpeg 1536w&quot;\n    },\n    &quot;align&quot;: &quot;&quot;,\n    &quot;hasLightbox&quot;: false,\n    &quot;caption&quot;: &quot;&quot;,\n    &quot;imgWidth&quot;: 0,\n    &quot;link&quot;: {\n        &quot;url&quot;: &quot;&quot;,\n        &quot;target&quot;: &quot;&quot;,\n        &quot;rel&quot;: &quot;&quot;\n    }\n}\" class=\"align-\">\n    \n<\/jgu-base-image><\/div>\n\n\n\n<div class=\"wp-block-column is-layout-flow wp-block-column-is-layout-flow\"><jgu-base-idm-person react-props=\"{\n    &quot;id&quot;: &quot;2347&quot;,\n    &quot;link&quot;: &quot;false&quot;,\n    &quot;organizationId&quot;: 957,\n    &quot;roleId&quot;: 16,\n    &quot;skipDetails&quot;: [\n        &quot;portrait&quot;\n    ],\n    &quot;name&quot;: &quot;&quot;,\n    &quot;align&quot;: &quot;left&quot;,\n    &quot;color&quot;: &quot;default&quot;,\n    &quot;mode&quot;: &quot;edit&quot;,\n    &quot;linkType&quot;: &quot;false&quot;\n}\">\n        \n<\/jgu-base-idm-person>\n\n\n\n<p class=\"has-big-font-size\">Consultation hours:<br\/>by appointment<\/p>\n\n\n<jgu-base-accordion react-props=\"{&quot;selected&quot;:1,&quot;align&quot;:&quot;wide&quot;,&quot;hasAllOpenButton&quot;:true,&quot;onlyOne&quot;:false,&quot;initAllClosed&quot;:true,&quot;enableSearch&quot;:false}\">\n    \n<jgu-base-accordionitem react-props=\"{&quot;title&quot;:&quot;academic advisory office&quot;,&quot;init&quot;:false,&quot;slug&quot;:&quot;studienfachberatung&quot;,&quot;align&quot;:&quot;wide&quot;,&quot;customSlug&quot;:false}\">\n    \n\n<p class=\"has-big-font-size\"><a href=\"http:\/\/studium.uni-mainz.de\/studienwahl\/studienangebot\/human-geography_ma\/\">MA Human Geography: Globalization, Media, and Culture<\/a> <\/p>\n\n\n<\/jgu-base-accordionitem>\n\n<jgu-base-accordionitem react-props=\"{&quot;title&quot;:&quot;Dissertation&quot;,&quot;init&quot;:false,&quot;slug&quot;:&quot;dissertation&quot;,&quot;align&quot;:&quot;wide&quot;,&quot;customSlug&quot;:false}\">\n    \n\n<p class=\"has-big-font-size\"><a href=\"https:\/\/link.springer.com\/book\/9783658357597\">Intercultural spaces in feature films<\/a><\/p>\n\n\n\n<p class=\"has-big-font-size\"><img loading=\"lazy\" decoding=\"async\" src=\"https:\/\/www.humangeographie.uni-mainz.de\/files\/2022\/02\/Cover-Book-211x300.png\" alt=\"\" width=\"211\" height=\"300\"\/><\/p>\n\n\n<\/jgu-base-accordionitem>\n\n<\/jgu-base-accordion>\n<\/div>\n<\/div>\n<\/div>\n<\/div>\n\n<div style=\"height:543px\" aria-hidden=\"true\" class=\"wp-block-spacer\"><\/div>\n    <div style=\"display: none\">\n        \n    <\/div>","protected":false},"excerpt":{"rendered":"<p>Research assistant | Postdoctoral researcher I am a research assistant (post-doc since 2019) in the Human Geography working group. From 2023-2024 I was a substitute professor for tourism geography at the University of Trier. After my diploma studies in Geography, Sociology and Communication Studies, I obtained a doctorate (from.) with a doctoral degree in Cultural &hellip; <a href=\"https:\/\/www.humangeographie.uni-mainz.de\/en\/elisabeth-sommerlad\/\">Continued<\/a><\/p>\n","protected":false},"author":484,"featured_media":0,"parent":0,"menu_order":0,"comment_status":"closed","ping_status":"closed","template":"","meta":{"footnotes":""},"categories":[],"tags":[],"class_list":["post-10488","page","type-page","status-publish","hentry"],"content_raw":"<!-- wp:columns {\"className\":\"\"} -->\n<div class=\"wp-block-columns\"><!-- wp:column -->\n<div class=\"wp-block-column\"><!-- wp:jgu\/heading {\"index\":\"Dr. phil.\",\"tags\":{\"htmlTag\":\"h2\",\"classTag\":\"\",\"tag\":\"h2\"},\"heading\":\"Elisabeth Sommerlad\"} \/-->\n\n<!-- wp:paragraph {\"translatedWithWPMLTM\":\"1\"} -->\n<p class=\"has-big-font-size\"><strong>Research assistant<\/strong> <strong>| Postdoctoral researcher<\/strong><\/p>\n<!-- \/wp:paragraph -->\n\n<!-- wp:paragraph {\"translatedWithWPMLTM\":\"1\"} -->\n<p class=\"has-big-font-size\">I am a research assistant (post-doc since 2019) in the Human Geography working group. From 2023-2024 I was a substitute professor for tourism geography at the University of Trier. After my diploma studies in Geography, Sociology and Communication Studies, I obtained a doctorate (from.) with a doctoral degree in Cultural Geography at JGU Mainz in 2019. In my doctoral dissertation, I examined the construction and staging of intercultural encounters in cinematic New York City.   <\/p>\n<!-- \/wp:paragraph -->\n\n<!-- wp:paragraph {\"translatedWithWPMLTM\":\"1\"} -->\n<p class=\"has-big-font-size\">In my research and teaching, I work at the interface of social-geographical urban research, critical sustainability and transformation research, theoretically reflected tourism geography and Media Geography. I am particularly interested in the complex interactions between space, society and media contexts. My research is characterized by interdisciplinary and critically reflective perspectives.  <\/p>\n<!-- \/wp:paragraph -->\n\n<!-- wp:jgu\/accordion {\"selected\":5} -->\n<!-- wp:jgu\/accordion-item {\"title\":\"Research\",\"init\":false,\"slug\":\"forschung\"} -->\n<!-- wp:paragraph {\"translatedWithWPMLTM\":\"1\"} -->\n<p class=\"has-big-font-size\">My current research is situated at the intersection of three interwoven thematic fields. My empirical research experience includes work in the Indian Ocean (Mauritius), the United Arab Emirates (Dubai), North America (USA, Eastern Canada) and Germany. Methodologically, I rely on qualitative social and media science approaches, including ethnographic, reflexive, digital and creative methods.    <\/p>\n<!-- \/wp:paragraph -->\n\n<!-- wp:jgu\/image {\"image\":{\"url\":null,\"id\":9876},\"caption\":\"Mural in Moka, Mauritius (E. Sommerlad 2023)\"} \/-->\n\n<!-- wp:paragraph {\"translatedWithWPMLTM\":\"1\"} -->\n<p class=\"has-big-font-size\">1) <strong>Sustainability utopias and urban futures: <\/strong>Embedded in joint research with Prof. Dr. Veronika Cummings on sustainability utopias and topologies of urban futures in the Indian Ocean region, I am looking at smart cities in Mauritius. These spatial settings, which are primarily created as a strategy of economic diversification on fallow sugar cane land and in coastal regions, are marketed as sustainable visions of the future for the island. From a critical-reflexive perspective, I explore the question of how ideas and dimensions of socio-ecological transformation are negotiated and imagined here. I also question colonialities anchored in <em>place making <\/em>.   <\/p>\n<!-- \/wp:paragraph -->\n\n<!-- wp:separator -->\n<hr class=\"wp-block-separator has-alpha-channel-opacity\" id=\"block-ede4c98e-6942-44cb-8b64-c4ffeb28ee3b\" \/>\n<!-- \/wp:separator -->\n\n<!-- wp:separator -->\n<hr class=\"wp-block-separator has-alpha-channel-opacity\" \/>\n<!-- \/wp:separator -->\n\n<!-- wp:paragraph {\"translatedWithWPMLTM\":\"1\"} -->\n<p class=\"has-big-font-size\">2) <strong>Media-geographical perspectives on everyday lifeworlds: <\/strong>I am interested in how audiovisual and digital items shape and transform everyday spaces<em>(digital place making<\/em>). In this context, I am researching media and film tourism and the question of how media imaginations shape and transform places and spatial identities. I also work (together with Prof. Dr. Veronika Cummings and Paul Hummer M.A.) on the potentials and ethical challenges of creative, audiovisual formats as a method and communication medium in and for geographical research. In connection with my research on urban futures, I am working on another project (together with <a href=\"https:\/\/film-medien.ftmk.uni-mainz.de\/dr-roman-mauer\/\">Dr. Roman Mauer<\/a>, Film Studies) on the re-mapping of urban futures at the interface of film and the everyday world - we are offering an <a href=\"https:\/\/www.glk.uni-mainz.de\/neue-perspektiven-der-filmkartographie-digitale-mental-maps-und-subjektive-karten-filmischer-stadt-utopien-in-kritischer-reflexion\/\">innovative teaching project<\/a> on this in the summer semester, which is funded by the Gutenberg Teaching College.   <\/p>\n<!-- \/wp:paragraph -->\n\n<!-- wp:separator -->\n<hr class=\"wp-block-separator has-alpha-channel-opacity\" \/>\n<!-- \/wp:separator -->\n\n<!-- wp:paragraph {\"translatedWithWPMLTM\":\"1\"} -->\n<p class=\"has-big-font-size\">3) <strong>Theoretically reflected tourism geography:<\/strong> Inspired by my post- and decolonial research contexts, in which processes and practices of touristification often play a role, I am interested in a heterodox, reflexive examination of the complex connections between tourism and society. I understand tourism as part of a global, space-shaping (im)mobility system that is interwoven with multi-layered spatial dynamics around questions of mobility, power and justice.  <\/p>\n<!-- \/wp:paragraph -->\n<!-- \/wp:jgu\/accordion-item -->\n\n<!-- wp:jgu\/accordion-item {\"title\":\"Outreach\",\"init\":false,\"slug\":\"outreach\"} -->\n<!-- wp:list -->\n<ul class=\"wp-block-list\"><!-- wp:list-item {\"translatedWithWPMLTM\":\"1\"} -->\n<li>Munich City Museum (2025): Podcast \"Time Loops\" - <em>Wiesn Rewind<\/em>. Season 2, episode 5:  <a href=\"https:\/\/zeitschleifen.podigee.io\/s2e5-neue-episode#t=0\">Greetings from the Oktoberfest! From the postcard to the social media post<\/a>.  <\/li>\n<!-- \/wp:list-item -->\n\n<!-- wp:list-item {\"translatedWithWPMLTM\":\"1\"} -->\n<li>Current post on the topic <a href=\"https:\/\/www.instagram.com\/reel\/DPL6FePjY4V\/\" data-type=\"link\" data-id=\"https:\/\/www.instagram.com\/reel\/DPL6FePjY4V\/\">\"What do vacation pictures have to do with colonialism?\"<\/a> on the Instagram page of JGU Mainz  <\/li>\n<!-- \/wp:list-item --><\/ul>\n<!-- \/wp:list -->\n\n<!-- wp:paragraph -->\n<p class=\"has-big-font-size\"><\/p>\n<!-- \/wp:paragraph -->\n<!-- \/wp:jgu\/accordion-item -->\n\n<!-- wp:jgu\/accordion-item {\"title\":\"Publications\",\"init\":false,\"slug\":\"publikationen\"} -->\n<!-- wp:paragraph {\"translatedWithWPMLTM\":\"1\"} -->\n<p class=\"has-big-font-size\"><strong>Current (since 2022)  <\/strong><\/p>\n<!-- \/wp:paragraph -->\n\n<!-- wp:paragraph -->\n<p class=\"has-big-font-size\"><\/p>\n<!-- \/wp:paragraph -->\n\n<!-- wp:list -->\n<ul class=\"wp-block-list\"><!-- wp:list-item {\"translatedWithWPMLTM\":\"1\"} -->\n<li>Hummel, P., <strong>E. Sommerlad<\/strong> &amp; V. Cummings (forthcoming): <a href=\"https:\/\/www.tandfonline.com\/doi\/epdf\/10.1080\/24694452.2026.2623951?needAccess=true\">Doing Reel Geographies: Situating Responsibilities and the (In)Visibility of Migration through Short Vertical Films<\/a>. In: <em>Annals of the American Association of Geographers.<\/em> <a href=\"https:\/\/doi.org\/10.1080\/24694452.2026.2623951\">https:\/\/doi.org\/10.1080\/24694452.2026.2623951<\/a> <\/li>\n<!-- \/wp:list-item -->\n\n<!-- wp:list-item {\"translatedWithWPMLTM\":\"1\"} -->\n<li><strong>Sommerlad, E.<\/strong> (forthcoming): Post\/Colonial Paradise: Reflections on cross-media paradise myths using the example of Mauritius. In:  <em>IMAGE. Journal for interdisciplinary image science <\/em>  43(1).<\/li>\n<!-- \/wp:list-item -->\n\n<!-- wp:list-item {\"translatedWithWPMLTM\":\"1\"} -->\n<li><strong>Sommerlad, E.<\/strong> (forthcoming): Film geography. In: Thielmann, T. &amp; M. Kanderske (eds.): <em>Handbuch Medien Geography<\/em>. Baden-Baden. Nomos.   <\/li>\n<!-- \/wp:list-item -->\n\n<!-- wp:list-item {\"translatedWithWPMLTM\":\"1\"} -->\n<li><strong>Sommerlad, E.<\/strong> &amp; R. Mauer (2025): <a href=\"https:\/\/link.springer.com\/chapter\/10.1007\/978-3-658-48233-6_17\">Panoramas of the future: film cartographic views of cities in science fiction film and Gulf futurism.<\/a> In: Ullmaier, J., R. Mauer &amp; C. W\u00f6rsd\u00f6rfer (eds.): Phenomena of the Panoramic. Wiesbaden. Springer: 491-535.<\/li>\n<!-- \/wp:list-item -->\n\n<!-- wp:list-item {\"translatedWithWPMLTM\":\"1\"} -->\n<li>Hartal, G., <strong>E. Sommerlad<\/strong>, A. Moreno &amp; Y. David (forthcoming): Pride as Space of Encounter in Ordinary Cities: Observations from Pride Parades in Mainz (Germany) and Ashdod (Israel). In: Meier, L. (ed.): <em>International Handbook of Urban Sociology<\/em>. London. Routledge.   <\/li>\n<!-- \/wp:list-item --><\/ul>\n<!-- \/wp:list -->\n\n<!-- wp:list -->\n<ul class=\"wp-block-list\"><!-- wp:list-item {\"translatedWithWPMLTM\":\"1\"} -->\n<li><strong>Sommerlad,<\/strong> E. &amp; P. Hummel (2025): Researching with moving images: perspectives on an applied film geography. In: Bauer, L., K. Beurskens, J. Dobrusskin, N. K\u00fcttel, J. Miggelbrink, A.-L- M\u00fcller &amp; E. N\u00f6then (eds.): <a href=\"https:\/\/www.dampfboot-verlag.de\/de\/buecher\/visualisierung-qualitativer-geographien\">Visualizing Qualitative Geographies: A Handbook<\/a>. M\u00fcnster: Westf\u00e4lisches Dampfboot: 123-131. <\/li>\n<!-- \/wp:list-item -->\n\n<!-- wp:list-item {\"translatedWithWPMLTM\":\"1\"} -->\n<li>Becklake, S., T: Freytag, G. Rainer, <strong>E. Sommerlad<\/strong> &amp; C. Steiner (2025):  <a href=\"https:\/\/biblioscout.net\/article\/99.140005\/gz202503019701\">Tourism is <em>not <\/em>an island. Retheorizing tourism geography <\/a>. Geographical Journal 113 (3): 197-205.  <\/li>\n<!-- \/wp:list-item -->\n\n<!-- wp:list-item {\"translatedWithWPMLTM\":\"1\"} -->\n<li><strong>Sommerlad, E. <\/strong>&amp; A. Jansson (2025): <a href=\"https:\/\/www.tandfonline.com\/doi\/full\/10.1080\/14702541.2025.2544917\">From representation to entanglement: 40 years of media geography<\/a>. Scottish Geographical Journal (online first).  https:\/\/doi.org\/10.1080\/14702541.2025.2544917<\/li>\n<!-- \/wp:list-item --><\/ul>\n<!-- \/wp:list -->\n\n<!-- wp:list -->\n<ul class=\"wp-block-list\"><!-- wp:list-item {\"translatedWithWPMLTM\":\"1\"} -->\n<li><strong>Sommerlad, E. <\/strong>&amp; H. Rapp (2025): Introduction I \"Reception Context, Space\" &amp; Introduction II \"On the Cusp between Sound and Silence\". In: Freitag, F., L M. M\u00fccke &amp; P. Niederm\u00fcller (eds.): Silence, Sounds, Music: Acoustic Dimensions of Immersion.  London: Routledge.<\/li>\n<!-- \/wp:list-item --><\/ul>\n<!-- \/wp:list -->\n\n<!-- wp:list -->\n<ul class=\"wp-block-list\"><!-- wp:list-item {\"translatedWithWPMLTM\":\"1\"} -->\n<li><strong>Sommerlad, E. <\/strong>&amp; T. Reeh (2024): Media tourism in the Hunsr\u00fcck. Geographical Review 11: 44-49. <\/li>\n<!-- \/wp:list-item --><\/ul>\n<!-- \/wp:list -->\n\n<!-- wp:list -->\n<ul class=\"wp-block-list\"><!-- wp:list-item {\"translatedWithWPMLTM\":\"1\"} -->\n<li><strong>Sommerlad, E.<\/strong> (2024): Agritourism in Mauritius. Geographical Review (7-8): 42-43. <\/li>\n<!-- \/wp:list-item --><\/ul>\n<!-- \/wp:list -->\n\n<!-- wp:list -->\n<ul class=\"wp-block-list\"><!-- wp:list-item {\"translatedWithWPMLTM\":\"1\"} -->\n<li>Plien, M. &amp; <strong>E. Sommerlad<\/strong> (2024): (Self-)reflections with Film: Transformative education on screen. In: Plien, M. (ed.): Designing sustainability education trans-formatively. Scientific, subject didactics and practical teaching approaches from geography. Mainz: 88-113.   <\/li>\n<!-- \/wp:list-item --><\/ul>\n<!-- \/wp:list -->\n\n<!-- wp:list -->\n<ul class=\"wp-block-list\"><!-- wp:list-item {\"translatedWithWPMLTM\":\"1\"} -->\n<li>Hummel P., <strong>Sommerlad, E. <\/strong>&amp; J. Zschocke (2024): Video Documentary. In: IfL Leipzig (ed.): Visqual Methodbox. Online: https:\/\/visqual.leibniz-ifl-projekte.de\/methodbox\/2024\/03\/21\/video-documentary\/.  <\/li>\n<!-- \/wp:list-item --><\/ul>\n<!-- \/wp:list -->\n\n<!-- wp:list -->\n<ul class=\"wp-block-list\"><!-- wp:list-item {\"translatedWithWPMLTM\":\"1\"} -->\n<li><strong>Sommerlad, E. <\/strong>and R. Mauer (2022): <a href=\"http:\/\/www.blogs.uni-mainz.de\/fb09humangeography\/files\/2022\/06\/02_22-PERSPEKTIVE.pdf\">Film cartography: A field of research at the interface of film studies and geography.<\/a> In: MEDIENwissenschaft. Reviews | Reviews (02): 94-119. <\/li>\n<!-- \/wp:list-item --><\/ul>\n<!-- \/wp:list -->\n\n<!-- wp:list -->\n<ul class=\"wp-block-list\"><!-- wp:list-item {\"translatedWithWPMLTM\":\"1\"} -->\n<li><strong>Sommerlad, S.<\/strong> (2022):  <a href=\"http:\/\/www.blogs.uni-mainz.de\/fb09humangeography\/files\/2022\/05\/Geojournal_Sommerlad.pdf\">Cinematic city of cultural coexistence? Perspectives on intercultural encounters in New York. <\/a>  In: GeoJournal Special Issue \u201cFilm Geography\u201d.  <em>Online.<\/em><\/li>\n<!-- \/wp:list-item --><\/ul>\n<!-- \/wp:list -->\n\n<!-- wp:list -->\n<ul class=\"wp-block-list\"><!-- wp:list-item {\"translatedWithWPMLTM\":\"1\"} -->\n<li>Mauer, R. and E. Sommerlad (2022):  <a href=\"https:\/\/www.humangeographie.uni-mainz.de\/files\/2022\/05\/Die-Karte-im-Film.-Funktion-Materialitaet-und-Typologie-eines-raumgenerierenden-Mediums.pdf\">The Map in Film. Function, materiality and typology of a space-generating item. <\/a>  In: Bulgakova, O. and R. Mauer (Eds.): Things in Film. Silent monologue. Hidden memory. Wiesbaden: 259-284.  <\/li>\n<!-- \/wp:list-item --><\/ul>\n<!-- \/wp:list -->\n\n<!-- wp:list -->\n<ul class=\"wp-block-list\"><!-- wp:list-item {\"translatedWithWPMLTM\":\"1\"} -->\n<li>Lukinbeal, C. and E. Sommerlad (2022): <a href=\"https:\/\/link.springer.com\/article\/10.1007\/s10708-022-10651-2\">Doing Film Geography<\/a>. In: GeoJournal Special Issue \u201cFilm Geography\u201d.  <em>online<\/em><\/li>\n<!-- \/wp:list-item --><\/ul>\n<!-- \/wp:list -->\n<!-- \/wp:jgu\/accordion-item -->\n\n<!-- wp:jgu\/accordion-item {\"title\":\"Lectures\",\"init\":false,\"slug\":\"lehre\"} -->\n<!-- wp:paragraph {\"translatedWithWPMLTM\":\"1\"} -->\n<p class=\"has-big-font-size\">Critical and differentiated thinking is at the core of my understanding of teaching. In the sense of a creative-research teaching approach, I combine theoretical-conceptual debates with practical examples in order to understand geographical issues and processes. I am delighted when participants take an active part in shaping the seminar. In my courses, I use creative and multimedia learning, teaching and communication methods (e.g. audiovisual essays, zines, podcasts). The equipment for this can be found in our<a href=\"https:\/\/www.geo.uni-mainz.de\/medialab\/\"> media lab<\/a>. I also like to incorporate places of learning outside the seminar room.     <\/p>\n<!-- \/wp:paragraph -->\n\n<!-- wp:paragraph {\"translatedWithWPMLTM\":\"1\"} -->\n<p class=\"has-big-font-size\"><strong>Summer<\/strong> <strong>2025<\/strong><\/p>\n<!-- \/wp:paragraph -->\n\n<!-- wp:list -->\n<ul class=\"wp-block-list\"><!-- wp:list-item {\"translatedWithWPMLTM\":\"1\"} -->\n<li>M6\/7 MA: Audiovisual Essay &amp; Mental Mapping of Cinematic Urban Utopias | Cooperation event with Dr. Roman Mauer (Film Studies) | funded by the GLK as an <a href=\"https:\/\/www.glk.uni-mainz.de\/neue-perspektiven-der-filmkartographie-digitale-mental-maps-und-subjektive-karten-filmischer-stadt-utopien-in-kritischer-reflexion\/\">innovative teaching project<\/a><\/li>\n<!-- \/wp:list-item -->\n\n<!-- wp:list-item -->\n<li>M3 MA: Project Seminar: Media Geography<\/li>\n<!-- \/wp:list-item --><\/ul>\n<!-- \/wp:list -->\n\n<!-- wp:paragraph -->\n<p class=\"has-big-font-size\"><strong>Winter 2025\/26<\/strong><\/p>\n<!-- \/wp:paragraph -->\n\n<!-- wp:list -->\n<ul class=\"wp-block-list\"><!-- wp:list-item -->\n<li>M3 MA: Theoretical Approaches to Media Geography<\/li>\n<!-- \/wp:list-item -->\n\n<!-- wp:list-item {\"translatedWithWPMLTM\":\"1\"} -->\n<li>M3 ED Field internship: Field trip in Germany with preparatory seminar Hunsr\u00fcck<\/li>\n<!-- \/wp:list-item -->\n\n<!-- wp:list-item {\"translatedWithWPMLTM\":\"1\"} -->\n<li>M2 Practice class: Human Geography I (Social Geographical Urban Research - Focus: The City as a Meeting Space)<strong> <\/strong><\/li>\n<!-- \/wp:list-item --><\/ul>\n<!-- \/wp:list -->\n\n<!-- wp:paragraph {\"translatedWithWPMLTM\":\"1\"} -->\n<p class=\"has-big-font-size\"><strong>Summer 2026<\/strong><\/p>\n<!-- \/wp:paragraph -->\n\n<!-- wp:list -->\n<ul class=\"wp-block-list\"><!-- wp:list-item -->\n<li>M3 MA: Project Seminar: Media Geography<\/li>\n<!-- \/wp:list-item --><\/ul>\n<!-- \/wp:list -->\n<!-- \/wp:jgu\/accordion-item -->\n\n<!-- wp:jgu\/accordion-item {\"title\":\"Theses \",\"init\":false,\"slug\":\"abschlussarbeiten\"} -->\n<!-- wp:paragraph {\"translatedWithWPMLTM\":\"1\"} -->\n<p class=\"has-big-font-size\">If you would like to write your human geography final thesis (bachelor's and master's degree) with me, please contact me with a first idea sketch (title proposal and short abstract, ~200 words).<\/p>\n<!-- \/wp:paragraph -->\n\n<!-- wp:separator -->\n<hr class=\"wp-block-separator has-alpha-channel-opacity\" \/>\n<!-- \/wp:separator -->\n\n<!-- wp:paragraph {\"translatedWithWPMLTM\":\"1\"} -->\n<p class=\"has-big-font-size\"><strong>Ongoing final theses (working title)<\/strong><\/p>\n<!-- \/wp:paragraph -->\n\n<!-- wp:list -->\n<ul class=\"wp-block-list\"><!-- wp:list-item -->\n<li>Uncovering Layers of Meaning at the Monument to the Discoveries in Lisbon<\/li>\n<!-- \/wp:list-item -->\n\n<!-- wp:list-item {\"translatedWithWPMLTM\":\"1\"} -->\n<li>Queer Performance as a form of activism. Drag, Art and Political Performances in the Rhine-Main Region.  (Film project)<\/li>\n<!-- \/wp:list-item -->\n\n<!-- wp:list-item {\"translatedWithWPMLTM\":\"1\"} -->\n<li>Aging in the City. Place Making of Elderly Female Residents in Frankfurt am Main. <\/li>\n<!-- \/wp:list-item --><\/ul>\n<!-- \/wp:list -->\n<!-- \/wp:jgu\/accordion-item -->\n\n<!-- wp:jgu\/accordion-item {\"title\":\"Academic functions and memberships\",\"init\":false,\"slug\":\"akademische-funktionen-und-mitgliedschaften\"} -->\n<!-- wp:paragraph -->\n<p class=\"has-big-font-size\"><\/p>\n<!-- \/wp:paragraph -->\n\n<!-- wp:paragraph {\"translatedWithWPMLTM\":\"1\"} -->\n<p class=\"has-big-font-size\"><strong>Edited Volumes<\/strong><\/p>\n<!-- \/wp:paragraph -->\n\n<!-- wp:list -->\n<ul class=\"wp-block-list\"><!-- wp:list-item {\"translatedWithWPMLTM\":\"1\"} -->\n<li>Co-Editor of the book series <em>Media Geography at Mainz <\/em><a href=\"https:\/\/www.steiner-verlag.de\/en\/series\/1867-318X\">(Steiner Verlag<\/a>)<\/li>\n<!-- \/wp:list-item --><\/ul>\n<!-- \/wp:list -->\n\n<!-- wp:paragraph -->\n<p class=\"has-big-font-size\"><\/p>\n<!-- \/wp:paragraph -->\n\n<!-- wp:paragraph {\"translatedWithWPMLTM\":\"1\"} -->\n<p class=\"has-big-font-size\"><strong>Functions<\/strong><\/p>\n<!-- \/wp:paragraph -->\n\n<!-- wp:list -->\n<ul class=\"wp-block-list\"><!-- wp:list-item {\"translatedWithWPMLTM\":\"1\"} -->\n<li>Assistant to the management of the Institute of Geography<\/li>\n<!-- \/wp:list-item --><\/ul>\n<!-- \/wp:list -->\n\n<!-- wp:list -->\n<ul class=\"wp-block-list\"><!-- wp:list-item {\"translatedWithWPMLTM\":\"1\"} -->\n<li>Program Director and Academic Advisor of the MA degree program <em><a href=\"https:\/\/www.studium.uni-mainz.de\/studienwahl\/studienangebot\/human-geography_ma\/\">Human Geography: Globalization, Media, and Culture<\/a>, <\/em>Johannes Gutenberg University Mainz<\/li>\n<!-- \/wp:list-item --><\/ul>\n<!-- \/wp:list -->\n\n<!-- wp:list -->\n<ul class=\"wp-block-list\"><!-- wp:list-item {\"translatedWithWPMLTM\":\"1\"} -->\n<li>Member of the scientific advisory council of the book series \u201cLandschaften in Deutschland\u201d (ed.: Institut f\u00fcr L\u00e4nderkunde Leipzig, S\u00e4chsische Akademie der Wissenschaften)<\/li>\n<!-- \/wp:list-item --><\/ul>\n<!-- \/wp:list -->\n\n<!-- wp:list -->\n<ul class=\"wp-block-list\"><!-- wp:list-item {\"translatedWithWPMLTM\":\"1\"} -->\n<li>Member of the extended board of the Tourism Research Working Group (AKTF)<\/li>\n<!-- \/wp:list-item --><\/ul>\n<!-- \/wp:list -->\n\n<!-- wp:paragraph -->\n<p class=\"has-big-font-size\"><\/p>\n<!-- \/wp:paragraph -->\n\n<!-- wp:paragraph {\"translatedWithWPMLTM\":\"1\"} -->\n<p class=\"has-big-font-size\"><strong>Memberships<\/strong><\/p>\n<!-- \/wp:paragraph -->\n\n<!-- wp:list -->\n<ul class=\"wp-block-list\"><!-- wp:list-item {\"translatedWithWPMLTM\":\"1\"} -->\n<li>Research-AG <em>Indian Ocean Confluences<\/em>, <a href=\"https:\/\/www.gff.uni-mainz.de\/\">Georg Forster Forum<\/a>, JGU<\/li>\n<!-- \/wp:list-item -->\n\n<!-- wp:list-item {\"translatedWithWPMLTM\":\"1\"} -->\n<li>Association of Geographers at German Higher Education Institutions (VGDH)<\/li>\n<!-- \/wp:list-item -->\n\n<!-- wp:list-item -->\n<li>American Association of Geographers (AAG) | Specialty Groups: Media &amp; Communication Geography; Recreation, Tourism &amp; Sports; Film &amp; Screening<\/li>\n<!-- \/wp:list-item -->\n\n<!-- wp:list-item {\"translatedWithWPMLTM\":\"1\"} -->\n<li><a href=\"https:\/\/www.ak-tourismusforschung.org\/\">AK Tourism Research<\/a> in the German Society for Geography e.V.<\/li>\n<!-- \/wp:list-item -->\n\n<!-- wp:list-item {\"translatedWithWPMLTM\":\"1\"} -->\n<li>AK Visual Geography<\/li>\n<!-- \/wp:list-item -->\n\n<!-- wp:list-item {\"translatedWithWPMLTM\":\"1\"} -->\n<li>Network <a href=\"https:\/\/www.filmgeographies.com\/\">FilmGeographies<\/a><\/li>\n<!-- \/wp:list-item --><\/ul>\n<!-- \/wp:list -->\n\n<!-- wp:separator -->\n<hr class=\"wp-block-separator has-alpha-channel-opacity\" \/>\n<!-- \/wp:separator -->\n<!-- \/wp:jgu\/accordion-item -->\n\n<!-- wp:jgu\/accordion-item {\"title\":\"Presentations\",\"init\":false,\"slug\":\"vortrage\"} -->\n<!-- wp:paragraph {\"translatedWithWPMLTM\":\"1\"} -->\n<p class=\"has-big-font-size\"><em>coming<\/em><\/p>\n<!-- \/wp:paragraph -->\n\n<!-- wp:paragraph {\"translatedWithWPMLTM\":\"1\"} -->\n<p class=\"has-big-font-size\">Sommerlad, E.:<em>\"Rethinking Plantation Afterlives: Contesting Touristified Futures in Mauritius<\/em>\". Presentation at the POLLEN Conference, Barcelona (06\/2026). <\/p>\n<!-- \/wp:paragraph -->\n\n<!-- wp:paragraph {\"translatedWithWPMLTM\":\"1\"} -->\n<p class=\"has-big-font-size\"><strong>Sommerlad, E<\/strong>. &amp; P. Pombo:<em>\"Reimagining the Plantation: Spatial Afterlives of Colonial Landscapes in Mauritius. <\/em>Presentation at the congress \"Colonial and Postcolonial Landscapes - Architecture, Colonialism, Labor\", Lisbon\/Portugal (02\/2026). <\/p>\n<!-- \/wp:paragraph -->\n\n<!-- wp:paragraph -->\n<p class=\"has-big-font-size\"><\/p>\n<!-- \/wp:paragraph -->\n\n<!-- wp:paragraph {\"translatedWithWPMLTM\":\"1\"} -->\n<p class=\"has-big-font-size\"><em>recently held<\/em><\/p>\n<!-- \/wp:paragraph -->\n\n<!-- wp:paragraph {\"translatedWithWPMLTM\":\"1\"} -->\n<p class=\"has-big-font-size\">Plien M. &amp; <strong>E. Sommerlad<\/strong>:<em>\"In Relationship with the World: Media Narratives of Hope and Connectedness in the Face of Climate Change\".<\/em> Paper presented at the conference New Cultural Geography, Augsburg.<\/p>\n<!-- \/wp:paragraph -->\n\n<!-- wp:paragraph {\"translatedWithWPMLTM\":\"1\"} -->\n<p class=\"has-big-font-size\"><strong>Sommerlad, E<\/strong>.:<em> \u201cOn the trail of\u201d HEIMAT \u201c: Filmgeographische Erkundungen und Medientourismus im Hunsr\u00fcck\u201d.<\/em> Lecture at the Geographical Society of Leipzig. <\/p>\n<!-- \/wp:paragraph -->\n\n<!-- wp:paragraph {\"translatedWithWPMLTM\":\"1\"} -->\n<p class=\"has-big-font-size\"><strong>Sommerlad, E.<\/strong> &amp; V. Cummings: <strong> <\/strong><em>\u201cFrom Sugar Cane to a\u201d Vibrant Urban Symphony \u201c: Transforming Urban Futures in Mauritius\u201d.<\/em> Presentation at the Geomedia Conference, Karlstad\/Sweden.<\/p>\n<!-- \/wp:paragraph -->\n\n<!-- wp:paragraph {\"translatedWithWPMLTM\":\"1\"} -->\n<p class=\"has-big-font-size\">Cummings, V. &amp; <strong>E. Sommerlad: <\/strong><em>\u201cTransforming Extinction into Passion: Caring for Neo-Natures in Dubai's Aesthetics of Future-Making\u201d.<\/em> Presentation at the Geomedia Conference, Karlstad\/Sweden.<\/p>\n<!-- \/wp:paragraph -->\n\n<!-- wp:paragraph {\"translatedWithWPMLTM\":\"1\"} -->\n<p class=\"has-big-font-size\"><strong>Sommerlad, E.<\/strong>, M. Mie\u00dfner &amp; K. Heuwinkel: <em>\"Perpetual ambivalences? Enzensberger's \"Theory of Tourism\". <\/em>Presentation at the conference of the AK Tourismusforschung \"Umgang mit Ambivalenzen im Tourismus\", Freiburg.<\/p>\n<!-- \/wp:paragraph -->\n\n<!-- wp:paragraph {\"translatedWithWPMLTM\":\"1\"} -->\n<p class=\"has-big-font-size\"><strong>Sommerlad, E.<\/strong> &amp; A. Jansson: <em>\u201cFuture Trends in Media Geography\u201d.<\/em> Organization of a panel at the AAG 2025, Detroit\/USA. <\/p>\n<!-- \/wp:paragraph -->\n\n<!-- wp:paragraph -->\n<p class=\"has-big-font-size\"><\/p>\n<!-- \/wp:paragraph -->\n<!-- \/wp:jgu\/accordion-item -->\n<!-- \/wp:jgu\/accordion --><\/div>\n<!-- \/wp:column -->\n\n<!-- wp:column -->\n<div class=\"wp-block-column\"><!-- wp:columns {\"className\":\"\"} -->\n<div class=\"wp-block-columns\"><!-- wp:column -->\n<div class=\"wp-block-column\"><!-- wp:jgu\/image {\"image\":{\"url\":null,\"id\":9241}} \/-->\n\n<!-- wp:jgu\/image {\"image\":{\"url\":null,\"id\":9599}} \/--><\/div>\n<!-- \/wp:column -->\n\n<!-- wp:column -->\n<div class=\"wp-block-column\"><!-- wp:jgu\/idm-person {\"id\":\"2347\",\"link\":\"false\",\"organizationId\":957,\"roleId\":16,\"skipDetails\":[\"portrait\"]} \/-->\n\n<!-- wp:paragraph {\"translatedWithWPMLTM\":\"1\"} -->\n<p class=\"has-big-font-size\">Consultation hours:<br\/>by appointment<\/p>\n<!-- \/wp:paragraph -->\n\n<!-- wp:jgu\/accordion {\"selected\":1} -->\n<!-- wp:jgu\/accordion-item {\"title\":\"academic advisory office\",\"init\":false,\"slug\":\"studienfachberatung\"} -->\n<!-- wp:paragraph {\"translatedWithWPMLTM\":\"1\"} -->\n<p class=\"has-big-font-size\"><a href=\"http:\/\/studium.uni-mainz.de\/studienwahl\/studienangebot\/human-geography_ma\/\">MA Human Geography: Globalization, Media, and Culture<\/a> <\/p>\n<!-- \/wp:paragraph -->\n<!-- \/wp:jgu\/accordion-item -->\n\n<!-- wp:jgu\/accordion-item {\"title\":\"Dissertation\",\"init\":false,\"slug\":\"dissertation\"} -->\n<!-- wp:paragraph {\"translatedWithWPMLTM\":\"1\"} -->\n<p class=\"has-big-font-size\"><a href=\"https:\/\/link.springer.com\/book\/9783658357597\">Intercultural spaces in feature films<\/a><\/p>\n<!-- \/wp:paragraph -->\n\n<!-- wp:paragraph {\"translatedWithWPMLTM\":\"1\"} -->\n<p class=\"has-big-font-size\"><img src=\"https:\/\/www.humangeographie.uni-mainz.de\/files\/2022\/02\/Cover-Book-211x300.png\" alt=\"\" width=\"211\" height=\"300\"\/><\/p>\n<!-- \/wp:paragraph -->\n<!-- \/wp:jgu\/accordion-item -->\n<!-- \/wp:jgu\/accordion --><\/div>\n<!-- \/wp:column --><\/div>\n<!-- \/wp:columns --><\/div>\n<!-- \/wp:column --><\/div>\n<!-- \/wp:columns --><!-- wp:spacer {\"height\":\"543px\"} -->\n<div style=\"height:543px\" aria-hidden=\"true\" class=\"wp-block-spacer\"><\/div>\n<!-- \/wp:spacer -->","_links":{"self":[{"href":"https:\/\/www.humangeographie.uni-mainz.de\/en\/wp-json\/wp\/v2\/pages\/10488","targetHints":{"allow":["GET"]}}],"collection":[{"href":"https:\/\/www.humangeographie.uni-mainz.de\/en\/wp-json\/wp\/v2\/pages"}],"about":[{"href":"https:\/\/www.humangeographie.uni-mainz.de\/en\/wp-json\/wp\/v2\/types\/page"}],"author":[{"embeddable":true,"href":"https:\/\/www.humangeographie.uni-mainz.de\/en\/wp-json\/wp\/v2\/users\/484"}],"replies":[{"embeddable":true,"href":"https:\/\/www.humangeographie.uni-mainz.de\/en\/wp-json\/wp\/v2\/comments?post=10488"}],"version-history":[{"count":15,"href":"https:\/\/www.humangeographie.uni-mainz.de\/en\/wp-json\/wp\/v2\/pages\/10488\/revisions"}],"predecessor-version":[{"id":11824,"href":"https:\/\/www.humangeographie.uni-mainz.de\/en\/wp-json\/wp\/v2\/pages\/10488\/revisions\/11824"}],"wp:attachment":[{"href":"https:\/\/www.humangeographie.uni-mainz.de\/en\/wp-json\/wp\/v2\/media?parent=10488"}],"wp:term":[{"taxonomy":"category","embeddable":true,"href":"https:\/\/www.humangeographie.uni-mainz.de\/en\/wp-json\/wp\/v2\/categories?post=10488"},{"taxonomy":"post_tag","embeddable":true,"href":"https:\/\/www.humangeographie.uni-mainz.de\/en\/wp-json\/wp\/v2\/tags?post=10488"}],"curies":[{"name":"wp","href":"https:\/\/api.w.org\/{rel}","templated":true}]}}